{"id":14,"date":"2017-07-09T12:41:43","date_gmt":"2017-07-09T10:41:43","guid":{"rendered":"http:\/\/www.chateaudepuicheric.fr\/de\/?page_id=14"},"modified":"2024-07-31T23:06:12","modified_gmt":"2024-07-31T21:06:12","slug":"zimmer","status":"publish","type":"page","link":"https:\/\/www.chateaudepuicheric.fr\/de\/zimmer\/","title":{"rendered":"Zimmer"},"content":{"rendered":"\n<p>Es stehen Ihnen eine Bibliothek und ein grosser Garten zur Verf\u00fcgung, in uneren 5 Zimmern gibt es WIFI. Sie haben die M\u00f6glichkeit bei uns abendzuessen, wenn Sie uns einen Tag vorher Bescheid geben.<\/p>\n\n\n\n<p>Leichtes Abendessen: Quiche + Salat plus ein Glas Wein ( 20.- \u20ac), mit K\u00e4se + Nachspeise jeweils +5.-\u20ac .<\/p>\n\n\n\n<p><strong>Preise f\u00fcr 2023<\/strong>: Fr\u00fchst\u00fcck und \u00f6rtliche Kurtaxe inkludiert, 2 N\u00e4chte minimum (f\u00fcr eine einzelne Nacht 10% Zuschlag).<\/p>\n\n\n\n<h3 class=\"wp-block-heading\"><b>Brettes Thurin<\/b>&nbsp;(22 m\u00b2)<\/h3>\n\n\n\n<p>ist das gr\u00f6\u00dfte unserer Zimmer mit Blick in den Garten und auf den Hausberg &#8222;Alaric\u201c,&nbsp; 2 auseinander- oder zusammenstellbaren Betten von jeweils 105 x 190 cm und einem separaten Badezimmer&nbsp; (8m\u00b2). <b>Preis:<\/b>&nbsp;<b>110.- \u20ac&nbsp;<\/b>f\u00fcr 2 Personen mit Fr\u00fchst\u00fcck&nbsp;(<strong>+20.- \u20ac<\/strong> Zusatzbett)<\/p>\n\n\n\n<div class=\"wp-block-columns is-layout-flex wp-container-core-columns-is-layout-9d6595d7 wp-block-columns-is-layout-flex\">\n<div class=\"wp-block-column is-layout-flow wp-block-column-is-layout-flow\">\n<figure class=\"wp-block-image size-large\"><a href=\"https:\/\/www.chateaudepuicheric.fr\/wp-content\/media\/Chambre-Brettes-Thurin-1-scaled.jpg\"><img decoding=\"async\" src=\"https:\/\/www.chateaudepuicheric.fr\/wp-content\/media\/Chambre-Brettes-Thurin-1-1024x683.jpg\" alt=\"\" class=\"wp-image-17163\"><\/a><\/figure>\n<\/div>\n\n\n\n<div class=\"wp-block-column is-layout-flow wp-block-column-is-layout-flow\">\n<figure class=\"wp-block-image size-large\"><a href=\"https:\/\/www.chateaudepuicheric.fr\/wp-content\/media\/Brettes-Thurin-SdB-3.jpg\"><img decoding=\"async\" src=\"https:\/\/www.chateaudepuicheric.fr\/wp-content\/media\/Brettes-Thurin-SdB-3-1024x683.jpg\" alt=\"Salle de Bain Brettes-Thurin\" class=\"wp-image-388\"><\/a><\/figure>\n<\/div>\n<\/div>\n\n\n\n<iframe loading=\"lazy\" src=\"https:\/\/www.cybevasion.fr\/annonces_planning.php?id_annonce=29620&amp;id_structure=27136&amp;langue=de&amp;display_line&amp;transparent\" name=\"planning\" width=\"100%\" height=\"240\" frameborder=\"0\"><\/iframe>\n\n\n\n<h3 class=\"wp-block-heading\"><b>Lascaris<\/b>&nbsp;(15m\u00b2)<\/h3>\n\n\n\n<div class=\"wp-block-columns is-layout-flex wp-container-core-columns-is-layout-9d6595d7 wp-block-columns-is-layout-flex\">\n<div class=\"wp-block-column is-layout-flow wp-block-column-is-layout-flow\" style=\"flex-basis:100%\">\n<p>mit einem Doppelbett von 140 x 190 cm und einem separaten Badezimmer (5m\u00b2), es liegt nach Westen mit Blick in den Gem\u00fcsegarten und auf die Montagne Noire. Preis: <strong>9<\/strong><b>0.- \u20ac&nbsp;<\/b>f\u00fcr 2 Personen mit Fr\u00fchst\u00fcck.<\/p>\n\n\n\n<div class=\"wp-block-columns is-layout-flex wp-container-core-columns-is-layout-9d6595d7 wp-block-columns-is-layout-flex\">\n<div class=\"wp-block-column is-layout-flow wp-block-column-is-layout-flow\">\n<figure class=\"wp-block-image size-large\"><a href=\"https:\/\/www.chateaudepuicheric.fr\/wp-content\/media\/Chambre-Lascaris-scaled.jpg\"><img decoding=\"async\" src=\"https:\/\/www.chateaudepuicheric.fr\/wp-content\/media\/Chambre-Lascaris-1024x683.jpg\" alt=\"\" class=\"wp-image-17166\" title=\"Chambre Lascaris, Ch\u00e2teau de Puich\u00e9ric, 11700 \"><\/a><\/figure>\n<\/div>\n\n\n\n<div class=\"wp-block-column is-layout-flow wp-block-column-is-layout-flow\">\n<figure class=\"wp-block-image size-large\"><a href=\"https:\/\/www.chateaudepuicheric.fr\/wp-content\/media\/salle-de-bain-Lascaris.jpg\"><img decoding=\"async\" src=\"https:\/\/www.chateaudepuicheric.fr\/wp-content\/media\/salle-de-bain-Lascaris-1024x683.jpg\" alt=\"\" class=\"wp-image-17176\"><\/a><\/figure>\n<\/div>\n<\/div>\n<\/div>\n<\/div>\n\n\n\n<iframe loading=\"lazy\" src=\"https:\/\/www.cybevasion.fr\/annonces_planning.php?id_annonce=29620&amp;id_structure=27137&amp;langue=de&amp;display_line&amp;transparent\" name=\"planning\" width=\"100%\" height=\"240\" frameborder=\"0\"><\/iframe>\n\n\n\n<h3 class=\"wp-block-heading\"><b>Farjonel<\/b>&nbsp;(21,5m\u00b2)<\/h3>\n\n\n\n<p>mit einem Doppelbett (140 x 190 cm), eigenes Badezimmer (3m\u00b2), mit Blick in den Gem\u00fcsegarten und auf die Montagne Noire. Preis: <strong>9<\/strong><b>0.- \u20ac&nbsp;<\/b>f\u00fcr 2 Personen mit Fr\u00fchst\u00fcck&nbsp;(<strong>+20.- \u20ac<\/strong> Zusatzbett)<\/p>\n\n\n\n<div class=\"wp-block-columns is-layout-flex wp-container-core-columns-is-layout-9d6595d7 wp-block-columns-is-layout-flex\">\n<div class=\"wp-block-column is-layout-flow wp-block-column-is-layout-flow\">\n<figure class=\"wp-block-image size-large\"><a href=\"https:\/\/www.chateaudepuicheric.fr\/wp-content\/media\/Farjonel-2-e1522926256735.jpg\"><img decoding=\"async\" src=\"https:\/\/www.chateaudepuicheric.fr\/wp-content\/media\/Farjonel-2-1024x683.jpg\" alt=\"\" class=\"wp-image-14976\"><\/a><\/figure>\n<\/div>\n\n\n\n<div class=\"wp-block-column is-layout-flow wp-block-column-is-layout-flow\">\n<figure class=\"wp-block-image size-large\"><a href=\"https:\/\/www.chateaudepuicheric.fr\/wp-content\/media\/Chateau-Puicheric-Chambres-Hotes-Carcassonne-Canal-du-Midi-Farjonel-SdB-2.jpg\"><img decoding=\"async\" src=\"https:\/\/www.chateaudepuicheric.fr\/wp-content\/media\/Chateau-Puicheric-Chambres-Hotes-Carcassonne-Canal-du-Midi-Farjonel-SdB-2-1024x683.jpg\" alt=\"\" class=\"wp-image-14977\"><\/a><\/figure>\n<\/div>\n<\/div>\n\n\n\n<iframe loading=\"lazy\" src=\"https:\/\/www.cybevasion.fr\/annonces_planning.php?id_annonce=29620&amp;id_structure=27138&amp;langue=de&amp;display_line&amp;transparent\" name=\"planning\" width=\"100%\" height=\"240\" frameborder=\"0\"><\/iframe>\n\n\n\n<h3 class=\"wp-block-heading\"><strong>Pierre-Paul-Riquet (25 m\u00b2)<\/strong><\/h3>\n\n\n\n<p>2 Riesen-Betten von 115 (!) x 190,\u00a0 2 kleinere Betten (80&#215;190) , eigenes Badezimmer (4m\u00b2), Zugang auf die Terasse, Preis f\u00fcr 3 Personen mit Fr\u00fchst\u00fcck: <strong>140.- \u20ac<\/strong> ( Zusatzbett <strong>20.- \u20ac<\/strong>)<\/p>\n\n\n\n<div class=\"wp-block-columns is-layout-flex wp-container-core-columns-is-layout-9d6595d7 wp-block-columns-is-layout-flex\">\n<div class=\"wp-block-column is-layout-flow wp-block-column-is-layout-flow\">\n<figure class=\"wp-block-image size-large\"><a href=\"https:\/\/www.chateaudepuicheric.fr\/wp-content\/media\/Chambre-Riquet-1.jpg\"><img decoding=\"async\" src=\"https:\/\/www.chateaudepuicheric.fr\/wp-content\/media\/Chambre-Riquet-1-1024x683.jpg\" alt=\"\" class=\"wp-image-17167\"><\/a><\/figure>\n<\/div>\n\n\n\n<div class=\"wp-block-column is-layout-flow wp-block-column-is-layout-flow\">\n<figure class=\"wp-block-image size-large\"><a href=\"https:\/\/www.chateaudepuicheric.fr\/wp-content\/media\/SdB-Riquet.jpg\"><img decoding=\"async\" src=\"https:\/\/www.chateaudepuicheric.fr\/wp-content\/media\/SdB-Riquet-1024x683.jpg\" alt=\"\" class=\"wp-image-17175\"><\/a><\/figure>\n<\/div>\n<\/div>\n\n\n\n<h3 class=\"wp-block-heading\">&nbsp;<\/h3>\n\n\n\n<iframe loading=\"lazy\" src=\"https:\/\/www.cybevasion.fr\/annonces_planning.php?id_annonce=29620&amp;id_structure=62405&amp;langue=de&amp;display_line&amp;transparent\" name=\"planning\" width=\"100%\" height=\"240\" frameborder=\"0\"><\/iframe>\n\n\n\n<h3 class=\"wp-block-heading\"><strong>Suite Louise Montaigne ( 16 m\u00b2 + 13 m\u00b2)<\/strong> unter den bemalten Plafonds des 17 . Jhd&#8217;s<\/h3>\n\n\n\n<p>Ein Doppelbett im &#8222;Elternzimmer&#8220; 140 x 190<br>2 Kinderbetten 80 x&nbsp; 190 im Kinderzimmer<br>Badezimmer 7 m\u00b2<br>Preis f\u00fcr 4 Personen mit Fr\u00fchst\u00fcck: <strong>150.- \u20ac<\/strong> (Zusatzbett <strong>20.- \u20ac<\/strong>)<\/p>\n\n\n\n<div class=\"wp-block-columns is-layout-flex wp-container-core-columns-is-layout-9d6595d7 wp-block-columns-is-layout-flex\">\n<div class=\"wp-block-column is-layout-flow wp-block-column-is-layout-flow\">\n<figure class=\"wp-block-image size-large\"><a href=\"https:\/\/www.chateaudepuicheric.fr\/wp-content\/media\/IMG_4906-1-scaled.jpg\"><img decoding=\"async\" src=\"https:\/\/www.chateaudepuicheric.fr\/wp-content\/media\/IMG_4906-1-1024x683.jpg\" alt=\"\" class=\"wp-image-17244\"><\/a><\/figure>\n<\/div>\n\n\n\n<div class=\"wp-block-column is-layout-flow wp-block-column-is-layout-flow\">\n<figure class=\"wp-block-image size-large\"><a href=\"https:\/\/www.chateaudepuicheric.fr\/wp-content\/media\/Chambre-jaune-1-scaled.jpg\"><img decoding=\"async\" src=\"https:\/\/www.chateaudepuicheric.fr\/wp-content\/media\/Chambre-jaune-1-1024x683.jpg\" alt=\"\" class=\"wp-image-17245\"><\/a><\/figure>\n<\/div>\n<\/div>\n\n\n\n<div class=\"wp-block-columns is-layout-flex wp-container-core-columns-is-layout-9d6595d7 wp-block-columns-is-layout-flex\">\n<div class=\"wp-block-column is-layout-flow wp-block-column-is-layout-flow\">\n<figure class=\"wp-block-image size-large\"><a href=\"https:\/\/www.chateaudepuicheric.fr\/wp-content\/media\/SdB-Montaigne.jpg\"><img decoding=\"async\" src=\"https:\/\/www.chateaudepuicheric.fr\/wp-content\/media\/SdB-Montaigne-1024x683.jpg\" alt=\"\" class=\"wp-image-17174\"><\/a><\/figure>\n<\/div>\n\n\n\n<div class=\"wp-block-column is-layout-flow wp-block-column-is-layout-flow\"><\/div>\n<\/div>\n\n\n\n<iframe loading=\"lazy\" src=\"https:\/\/www.cybevasion.fr\/annonces_planning.php?id_annonce=29620&amp;id_structure=62404&amp;langue=de&amp;display_line&amp;transparent\" name=\"planning\" width=\"100%\" height=\"240\" frameborder=\"0\"><\/iframe>\n","protected":false},"excerpt":{"rendered":"<p>Es stehen Ihnen eine Bibliothek und ein grosser Garten zur Verf\u00fcgung, in uneren 5 Zimmern gibt es WIFI. Sie haben die M\u00f6glichkeit bei uns abendzuessen, wenn Sie uns einen Tag vorher Bescheid geben. Leichtes Abendessen: Quiche + Salat plus ein Glas Wein ( 20.- \u20ac), mit K\u00e4se + Nachspeise jeweils +5.-\u20ac . Preise f\u00fcr 2023: &#8230; <a title=\"Zimmer\" class=\"read-more\" href=\"https:\/\/www.chateaudepuicheric.fr\/de\/zimmer\/\" aria-label=\"Mehr Informationen \u00fcber Zimmer\">Weiterlesen &#8230;<\/a><\/p>\n","protected":false},"author":1,"featured_media":257,"parent":0,"menu_order":2,"comment_status":"closed","ping_status":"closed","template":"","meta":{"footnotes":""},"class_list":["post-14","page","type-page","status-publish","has-post-thumbnail"],"yoast_head":"<!-- This site is optimized with the Yoast SEO plugin v27.4 - https:\/\/yoast.com\/product\/yoast-seo-wordpress\/ -->\n<title>Zimmer - Fr\u00fchst\u00fcckspension<\/title>\n<meta name=\"robots\" content=\"index, follow, max-snippet:-1, max-image-preview:large, max-video-preview:-1\" \/>\n<link rel=\"canonical\" href=\"https:\/\/www.chateaudepuicheric.fr\/de\/zimmer\/\" \/>\n<meta property=\"og:locale\" content=\"de_DE\" \/>\n<meta property=\"og:type\" content=\"article\" \/>\n<meta property=\"og:title\" content=\"Zimmer - Fr\u00fchst\u00fcckspension\" \/>\n<meta property=\"og:description\" content=\"Es stehen Ihnen eine Bibliothek und ein grosser Garten zur Verf\u00fcgung, in uneren 5 Zimmern gibt es WIFI. Sie haben die M\u00f6glichkeit bei uns abendzuessen, wenn Sie uns einen Tag vorher Bescheid geben. Leichtes Abendessen: Quiche + Salat plus ein Glas Wein ( 20.- \u20ac), mit K\u00e4se + Nachspeise jeweils +5.-\u20ac . Preise f\u00fcr 2023: ... Weiterlesen ...\" \/>\n<meta property=\"og:url\" content=\"https:\/\/www.chateaudepuicheric.fr\/de\/zimmer\/\" \/>\n<meta property=\"og:site_name\" content=\"Fr\u00fchst\u00fcckspension\" \/>\n<meta property=\"article:modified_time\" content=\"2024-07-31T21:06:12+00:00\" \/>\n<meta property=\"og:image\" content=\"https:\/\/www.chateaudepuicheric.fr\/de\/wp-content\/media\/sites\/4\/2020\/02\/Chambres-entete-scaled.jpg\" \/>\n\t<meta property=\"og:image:width\" content=\"1920\" \/>\n\t<meta property=\"og:image:height\" content=\"622\" \/>\n\t<meta property=\"og:image:type\" content=\"image\/jpeg\" \/>\n<meta name=\"twitter:card\" content=\"summary_large_image\" \/>\n<meta name=\"twitter:label1\" content=\"Gesch\u00e4tzte Lesezeit\" \/>\n\t<meta name=\"twitter:data1\" content=\"4\u00a0Minuten\" \/>\n<script type=\"application\/ld+json\" class=\"yoast-schema-graph\">{\"@context\":\"https:\\\/\\\/schema.org\",\"@graph\":[{\"@type\":\"WebPage\",\"@id\":\"https:\\\/\\\/www.chateaudepuicheric.fr\\\/de\\\/zimmer\\\/\",\"url\":\"https:\\\/\\\/www.chateaudepuicheric.fr\\\/de\\\/zimmer\\\/\",\"name\":\"Zimmer - Fr\u00fchst\u00fcckspension\",\"isPartOf\":{\"@id\":\"https:\\\/\\\/www.chateaudepuicheric.fr\\\/de\\\/#website\"},\"primaryImageOfPage\":{\"@id\":\"https:\\\/\\\/www.chateaudepuicheric.fr\\\/de\\\/zimmer\\\/#primaryimage\"},\"image\":{\"@id\":\"https:\\\/\\\/www.chateaudepuicheric.fr\\\/de\\\/zimmer\\\/#primaryimage\"},\"thumbnailUrl\":\"https:\\\/\\\/www.chateaudepuicheric.fr\\\/de\\\/wp-content\\\/media\\\/sites\\\/4\\\/2020\\\/02\\\/Chambres-entete-scaled.jpg\",\"datePublished\":\"2017-07-09T10:41:43+00:00\",\"dateModified\":\"2024-07-31T21:06:12+00:00\",\"breadcrumb\":{\"@id\":\"https:\\\/\\\/www.chateaudepuicheric.fr\\\/de\\\/zimmer\\\/#breadcrumb\"},\"inLanguage\":\"de\",\"potentialAction\":[{\"@type\":\"ReadAction\",\"target\":[\"https:\\\/\\\/www.chateaudepuicheric.fr\\\/de\\\/zimmer\\\/\"]}]},{\"@type\":\"ImageObject\",\"inLanguage\":\"de\",\"@id\":\"https:\\\/\\\/www.chateaudepuicheric.fr\\\/de\\\/zimmer\\\/#primaryimage\",\"url\":\"https:\\\/\\\/www.chateaudepuicheric.fr\\\/de\\\/wp-content\\\/media\\\/sites\\\/4\\\/2020\\\/02\\\/Chambres-entete-scaled.jpg\",\"contentUrl\":\"https:\\\/\\\/www.chateaudepuicheric.fr\\\/de\\\/wp-content\\\/media\\\/sites\\\/4\\\/2020\\\/02\\\/Chambres-entete-scaled.jpg\",\"width\":1920,\"height\":622},{\"@type\":\"BreadcrumbList\",\"@id\":\"https:\\\/\\\/www.chateaudepuicheric.fr\\\/de\\\/zimmer\\\/#breadcrumb\",\"itemListElement\":[{\"@type\":\"ListItem\",\"position\":1,\"name\":\"Accueil\",\"item\":\"https:\\\/\\\/www.chateaudepuicheric.fr\\\/de\\\/\"},{\"@type\":\"ListItem\",\"position\":2,\"name\":\"Zimmer\"}]},{\"@type\":\"WebSite\",\"@id\":\"https:\\\/\\\/www.chateaudepuicheric.fr\\\/de\\\/#website\",\"url\":\"https:\\\/\\\/www.chateaudepuicheric.fr\\\/de\\\/\",\"name\":\"Fr\u00fchst\u00fcckspension\",\"description\":\" Fr\u00fchst\u00fcckspension in einer mittelalterlichen Burg\",\"publisher\":{\"@id\":\"https:\\\/\\\/www.chateaudepuicheric.fr\\\/de\\\/#organization\"},\"potentialAction\":[{\"@type\":\"SearchAction\",\"target\":{\"@type\":\"EntryPoint\",\"urlTemplate\":\"https:\\\/\\\/www.chateaudepuicheric.fr\\\/de\\\/?s={search_term_string}\"},\"query-input\":{\"@type\":\"PropertyValueSpecification\",\"valueRequired\":true,\"valueName\":\"search_term_string\"}}],\"inLanguage\":\"de\"},{\"@type\":\"Organization\",\"@id\":\"https:\\\/\\\/www.chateaudepuicheric.fr\\\/de\\\/#organization\",\"name\":\"Fr\u00fchst\u00fcckspension\",\"url\":\"https:\\\/\\\/www.chateaudepuicheric.fr\\\/de\\\/\",\"logo\":{\"@type\":\"ImageObject\",\"inLanguage\":\"de\",\"@id\":\"https:\\\/\\\/www.chateaudepuicheric.fr\\\/de\\\/#\\\/schema\\\/logo\\\/image\\\/\",\"url\":\"https:\\\/\\\/www.chateaudepuicheric.fr\\\/de\\\/wp-content\\\/media\\\/sites\\\/4\\\/2020\\\/02\\\/cropped-Logo-Ch\u00e2teau-de-Puich\u00e9ric_modifi\u00e9-4.png\",\"contentUrl\":\"https:\\\/\\\/www.chateaudepuicheric.fr\\\/de\\\/wp-content\\\/media\\\/sites\\\/4\\\/2020\\\/02\\\/cropped-Logo-Ch\u00e2teau-de-Puich\u00e9ric_modifi\u00e9-4.png\",\"width\":790,\"height\":158,\"caption\":\" Fr\u00fchst\u00fcckspension\"},\"image\":{\"@id\":\"https:\\\/\\\/www.chateaudepuicheric.fr\\\/de\\\/#\\\/schema\\\/logo\\\/image\\\/\"}}]}<\/script>\n<!-- \/ Yoast SEO plugin. -->","yoast_head_json":{"title":"Zimmer - Fr\u00fchst\u00fcckspension","robots":{"index":"index","follow":"follow","max-snippet":"max-snippet:-1","max-image-preview":"max-image-preview:large","max-video-preview":"max-video-preview:-1"},"canonical":"https:\/\/www.chateaudepuicheric.fr\/de\/zimmer\/","og_locale":"de_DE","og_type":"article","og_title":"Zimmer - Fr\u00fchst\u00fcckspension","og_description":"Es stehen Ihnen eine Bibliothek und ein grosser Garten zur Verf\u00fcgung, in uneren 5 Zimmern gibt es WIFI. Sie haben die M\u00f6glichkeit bei uns abendzuessen, wenn Sie uns einen Tag vorher Bescheid geben. Leichtes Abendessen: Quiche + Salat plus ein Glas Wein ( 20.- \u20ac), mit K\u00e4se + Nachspeise jeweils +5.-\u20ac . Preise f\u00fcr 2023: ... Weiterlesen ...","og_url":"https:\/\/www.chateaudepuicheric.fr\/de\/zimmer\/","og_site_name":"Fr\u00fchst\u00fcckspension","article_modified_time":"2024-07-31T21:06:12+00:00","og_image":[{"width":1920,"height":622,"url":"https:\/\/www.chateaudepuicheric.fr\/de\/wp-content\/media\/sites\/4\/2020\/02\/Chambres-entete-scaled.jpg","type":"image\/jpeg"}],"twitter_card":"summary_large_image","twitter_misc":{"Gesch\u00e4tzte Lesezeit":"4\u00a0Minuten"},"schema":{"@context":"https:\/\/schema.org","@graph":[{"@type":"WebPage","@id":"https:\/\/www.chateaudepuicheric.fr\/de\/zimmer\/","url":"https:\/\/www.chateaudepuicheric.fr\/de\/zimmer\/","name":"Zimmer - Fr\u00fchst\u00fcckspension","isPartOf":{"@id":"https:\/\/www.chateaudepuicheric.fr\/de\/#website"},"primaryImageOfPage":{"@id":"https:\/\/www.chateaudepuicheric.fr\/de\/zimmer\/#primaryimage"},"image":{"@id":"https:\/\/www.chateaudepuicheric.fr\/de\/zimmer\/#primaryimage"},"thumbnailUrl":"https:\/\/www.chateaudepuicheric.fr\/de\/wp-content\/media\/sites\/4\/2020\/02\/Chambres-entete-scaled.jpg","datePublished":"2017-07-09T10:41:43+00:00","dateModified":"2024-07-31T21:06:12+00:00","breadcrumb":{"@id":"https:\/\/www.chateaudepuicheric.fr\/de\/zimmer\/#breadcrumb"},"inLanguage":"de","potentialAction":[{"@type":"ReadAction","target":["https:\/\/www.chateaudepuicheric.fr\/de\/zimmer\/"]}]},{"@type":"ImageObject","inLanguage":"de","@id":"https:\/\/www.chateaudepuicheric.fr\/de\/zimmer\/#primaryimage","url":"https:\/\/www.chateaudepuicheric.fr\/de\/wp-content\/media\/sites\/4\/2020\/02\/Chambres-entete-scaled.jpg","contentUrl":"https:\/\/www.chateaudepuicheric.fr\/de\/wp-content\/media\/sites\/4\/2020\/02\/Chambres-entete-scaled.jpg","width":1920,"height":622},{"@type":"BreadcrumbList","@id":"https:\/\/www.chateaudepuicheric.fr\/de\/zimmer\/#breadcrumb","itemListElement":[{"@type":"ListItem","position":1,"name":"Accueil","item":"https:\/\/www.chateaudepuicheric.fr\/de\/"},{"@type":"ListItem","position":2,"name":"Zimmer"}]},{"@type":"WebSite","@id":"https:\/\/www.chateaudepuicheric.fr\/de\/#website","url":"https:\/\/www.chateaudepuicheric.fr\/de\/","name":"Fr\u00fchst\u00fcckspension","description":" Fr\u00fchst\u00fcckspension in einer mittelalterlichen Burg","publisher":{"@id":"https:\/\/www.chateaudepuicheric.fr\/de\/#organization"},"potentialAction":[{"@type":"SearchAction","target":{"@type":"EntryPoint","urlTemplate":"https:\/\/www.chateaudepuicheric.fr\/de\/?s={search_term_string}"},"query-input":{"@type":"PropertyValueSpecification","valueRequired":true,"valueName":"search_term_string"}}],"inLanguage":"de"},{"@type":"Organization","@id":"https:\/\/www.chateaudepuicheric.fr\/de\/#organization","name":"Fr\u00fchst\u00fcckspension","url":"https:\/\/www.chateaudepuicheric.fr\/de\/","logo":{"@type":"ImageObject","inLanguage":"de","@id":"https:\/\/www.chateaudepuicheric.fr\/de\/#\/schema\/logo\/image\/","url":"https:\/\/www.chateaudepuicheric.fr\/de\/wp-content\/media\/sites\/4\/2020\/02\/cropped-Logo-Ch\u00e2teau-de-Puich\u00e9ric_modifi\u00e9-4.png","contentUrl":"https:\/\/www.chateaudepuicheric.fr\/de\/wp-content\/media\/sites\/4\/2020\/02\/cropped-Logo-Ch\u00e2teau-de-Puich\u00e9ric_modifi\u00e9-4.png","width":790,"height":158,"caption":" Fr\u00fchst\u00fcckspension"},"image":{"@id":"https:\/\/www.chateaudepuicheric.fr\/de\/#\/schema\/logo\/image\/"}}]}},"_links":{"self":[{"href":"https:\/\/www.chateaudepuicheric.fr\/de\/wp-json\/wp\/v2\/pages\/14","targetHints":{"allow":["GET"]}}],"collection":[{"href":"https:\/\/www.chateaudepuicheric.fr\/de\/wp-json\/wp\/v2\/pages"}],"about":[{"href":"https:\/\/www.chateaudepuicheric.fr\/de\/wp-json\/wp\/v2\/types\/page"}],"author":[{"embeddable":true,"href":"https:\/\/www.chateaudepuicheric.fr\/de\/wp-json\/wp\/v2\/users\/1"}],"replies":[{"embeddable":true,"href":"https:\/\/www.chateaudepuicheric.fr\/de\/wp-json\/wp\/v2\/comments?post=14"}],"version-history":[{"count":0,"href":"https:\/\/www.chateaudepuicheric.fr\/de\/wp-json\/wp\/v2\/pages\/14\/revisions"}],"wp:featuredmedia":[{"embeddable":true,"href":"https:\/\/www.chateaudepuicheric.fr\/de\/wp-json\/wp\/v2\/media\/257"}],"wp:attachment":[{"href":"https:\/\/www.chateaudepuicheric.fr\/de\/wp-json\/wp\/v2\/media?parent=14"}],"curies":[{"name":"wp","href":"https:\/\/api.w.org\/{rel}","templated":true}]}}