{"id":2,"date":"2017-07-07T23:49:02","date_gmt":"2017-07-07T21:49:02","guid":{"rendered":"http:\/\/www.chateaudepuicheric.fr\/de\/?page_id=2"},"modified":"2023-01-28T11:58:14","modified_gmt":"2023-01-28T10:58:14","slug":"page-d-exemple","status":"publish","type":"page","link":"https:\/\/www.chateaudepuicheric.fr\/de\/","title":{"rendered":"Nahe Carcassonne und dem Canal du Midi,  Fr\u00fchst\u00fcckspension"},"content":{"rendered":"<p>Nahe Carcassonne, unter Denkmalschutz stehende mittelalterliche Burg, nahe dem Canal du Midi, von seinen Burgmauern aus dem 12. Jhd umgebener mediterraner Garten \u00fcber den D\u00e4chern von Puich\u00e9ric, kleine Ortschaft inmitten des Minervois, zwischen Carcassonne und Narbonne.<\/p>\n<p>Wenn Sie das Eingangsportal durchschreiten , befinden Sie sich schnell in eine andere Zeit versetzt. Das alte Gem\u00e4uer des Eingangs und der Renaissance-Innenhof empfangen Sie in seinem authentischen Ambiente.<\/p>\n<p>Der mediterrane Garten bietet mit seinen Nischen und romantischen Ausblicken, Liegest\u00fchlen und H\u00e4ngematten einen zeitlosen Raum um sich fallen und seinen Geist schweifen zu lassen.<\/p>\n<p>Um Ihnen besten Komfort zu bieten, wurden die B\u00e4der renoviert und Wert auf Bequemlichkeit und Qualit\u00e4t der Betten gelegt. Musikinstrumente und ein Flipper stehen Ihnen zur Verf\u00fcgung, um Ihren entspannten Aufenthalt bei uns vergn\u00fcglich zu gestalten.<\/p>\n\n<p>Wir fanden 2010 die Burg in einen verschlafenen M\u00e4rchenzauber eingeh\u00fcllt vor .&nbsp; Seit 20 Jahren war die Burg \/ das Schloss unbewohnt und die letzten grossen Renovierungen lagen 100 Jahre zur\u00fcck. Heuer&nbsp; finden \u00e4ussere Renovierungsarbeiten im Innenhof statt, aber auch die Einrichtung einer unabh\u00e4ngigen Wohneinheit sollte heuer fertiggestellt werden (und steht ab 2021 zur Vermietung zur Verf\u00fcgung). Sie k\u00f6nnen unter den bemalten Plafonen des 17. Jdt schlafen (Suite Louise de Montaigne) oder in der ehemaligen Kapelle der Burg, mit seinem mittelalterlichen Rundbogen (Chambre Pierre Paul Riquet). Der Turm aus dem 13. Jhd ist ebenfalls zug\u00e4nglich.<\/p>\n<p>Das Ch\u00e2teau de Puich\u00e9ric ist ein idealer Ausgangspunkt um Carcassonne zu besichtigen, aber auch um Ausfl\u00fcge in die &#8222;Montagne Noire&#8220;, die Katharerburgen Lastours, die Kl\u00f6ster Fontfroide, Lagrasse, Caunes-Minervois zu machen. Das Meer ist nicht weit (40km)&nbsp; mit den Str\u00e4nden von Cabanes les Fleury, Narbonne Plage, Gruissan. Ausfl\u00fcge zu Pferd, im Kanu auf der Aude, eine Fahrradtour am Canal du Midi oder Weinverkostungen in den verschiedenen Weinkellern des Minervois sind Gelegenheiten, die n\u00e4here Umgebung besser kennen zu lernen.<\/p>\n<p>Wir freuen uns Ihnen einen unvergesslichen Aufenthalt bei uns zu erm\u00f6glichen! Einen kleinen Vorgeschmack : <a href=\"https:\/\/www.lci.fr\/societe\/aude-a-la-decouverte-du-chateau-de-puicheric-2061405.html\" target=\"_blank\" rel=\"noreferrer noopener\" aria-label=\" (s\u2019ouvre dans un nouvel onglet)\"><strong>TF1<\/strong><\/a> und <strong><a href=\"https:\/\/www.chateaudepuicheric.fr\/film\/\" target=\"_blank\" rel=\"noreferrer noopener\" aria-label=\" (s\u2019ouvre dans un nouvel onglet)\">FR3<\/a><\/strong>!<\/p>\n","protected":false},"excerpt":{"rendered":"<p>Nahe Carcassonne, unter Denkmalschutz stehende mittelalterliche Burg, nahe dem Canal du Midi, von seinen Burgmauern aus dem 12. Jhd umgebener mediterraner Garten \u00fcber den D\u00e4chern von Puich\u00e9ric, kleine Ortschaft inmitten des Minervois, zwischen Carcassonne und Narbonne. Wenn Sie das Eingangsportal durchschreiten , befinden Sie sich schnell in eine andere Zeit versetzt. Das alte Gem\u00e4uer des &#8230; <a title=\"Nahe Carcassonne und dem Canal du Midi,  Fr\u00fchst\u00fcckspension\" class=\"read-more\" href=\"https:\/\/www.chateaudepuicheric.fr\/de\/\" aria-label=\"Mehr Informationen \u00fcber Nahe Carcassonne und dem Canal du Midi,  Fr\u00fchst\u00fcckspension\">Weiterlesen &#8230;<\/a><\/p>\n","protected":false},"author":1,"featured_media":309,"parent":0,"menu_order":0,"comment_status":"closed","ping_status":"open","template":"","meta":{"footnotes":""},"class_list":["post-2","page","type-page","status-publish","has-post-thumbnail"],"yoast_head":"<!-- This site is optimized with the Yoast SEO plugin v27.5 - https:\/\/yoast.com\/product\/yoast-seo-wordpress\/ -->\n<title>Nahe Carcassonne und dem Canal du Midi, Fr\u00fchst\u00fcckspension - Fr\u00fchst\u00fcckspension<\/title>\n<meta name=\"robots\" content=\"index, follow, max-snippet:-1, max-image-preview:large, max-video-preview:-1\" \/>\n<link rel=\"canonical\" href=\"https:\/\/www.chateaudepuicheric.fr\/de\/\" \/>\n<meta property=\"og:locale\" content=\"de_DE\" \/>\n<meta property=\"og:type\" content=\"article\" \/>\n<meta property=\"og:title\" content=\"Nahe Carcassonne und dem Canal du Midi, Fr\u00fchst\u00fcckspension - Fr\u00fchst\u00fcckspension\" \/>\n<meta property=\"og:description\" content=\"Nahe Carcassonne, unter Denkmalschutz stehende mittelalterliche Burg, nahe dem Canal du Midi, von seinen Burgmauern aus dem 12. Jhd umgebener mediterraner Garten \u00fcber den D\u00e4chern von Puich\u00e9ric, kleine Ortschaft inmitten des Minervois, zwischen Carcassonne und Narbonne. Wenn Sie das Eingangsportal durchschreiten , befinden Sie sich schnell in eine andere Zeit versetzt. Das alte Gem\u00e4uer des ... Weiterlesen ...\" \/>\n<meta property=\"og:url\" content=\"https:\/\/www.chateaudepuicheric.fr\/de\/\" \/>\n<meta property=\"og:site_name\" content=\"Fr\u00fchst\u00fcckspension\" \/>\n<meta property=\"article:modified_time\" content=\"2023-01-28T10:58:14+00:00\" \/>\n<meta property=\"og:image\" content=\"https:\/\/www.chateaudepuicheric.fr\/de\/wp-content\/media\/sites\/4\/2023\/01\/Header_210.jpg\" \/>\n\t<meta property=\"og:image:width\" content=\"1320\" \/>\n\t<meta property=\"og:image:height\" content=\"743\" \/>\n\t<meta property=\"og:image:type\" content=\"image\/jpeg\" \/>\n<meta name=\"twitter:card\" content=\"summary_large_image\" \/>\n<meta name=\"twitter:label1\" content=\"Gesch\u00e4tzte Lesezeit\" \/>\n\t<meta name=\"twitter:data1\" content=\"2\u00a0Minuten\" \/>\n<script type=\"application\/ld+json\" class=\"yoast-schema-graph\">{\"@context\":\"https:\\\/\\\/schema.org\",\"@graph\":[{\"@type\":\"WebPage\",\"@id\":\"https:\\\/\\\/www.chateaudepuicheric.fr\\\/de\\\/\",\"url\":\"https:\\\/\\\/www.chateaudepuicheric.fr\\\/de\\\/\",\"name\":\"Nahe Carcassonne und dem Canal du Midi, Fr\u00fchst\u00fcckspension - Fr\u00fchst\u00fcckspension\",\"isPartOf\":{\"@id\":\"https:\\\/\\\/www.chateaudepuicheric.fr\\\/de\\\/#website\"},\"primaryImageOfPage\":{\"@id\":\"https:\\\/\\\/www.chateaudepuicheric.fr\\\/de\\\/#primaryimage\"},\"image\":{\"@id\":\"https:\\\/\\\/www.chateaudepuicheric.fr\\\/de\\\/#primaryimage\"},\"thumbnailUrl\":\"https:\\\/\\\/www.chateaudepuicheric.fr\\\/de\\\/wp-content\\\/media\\\/sites\\\/4\\\/2023\\\/01\\\/Header_210.jpg\",\"datePublished\":\"2017-07-07T21:49:02+00:00\",\"dateModified\":\"2023-01-28T10:58:14+00:00\",\"breadcrumb\":{\"@id\":\"https:\\\/\\\/www.chateaudepuicheric.fr\\\/de\\\/#breadcrumb\"},\"inLanguage\":\"de\",\"potentialAction\":[{\"@type\":\"ReadAction\",\"target\":[\"https:\\\/\\\/www.chateaudepuicheric.fr\\\/de\\\/\"]}]},{\"@type\":\"ImageObject\",\"inLanguage\":\"de\",\"@id\":\"https:\\\/\\\/www.chateaudepuicheric.fr\\\/de\\\/#primaryimage\",\"url\":\"https:\\\/\\\/www.chateaudepuicheric.fr\\\/de\\\/wp-content\\\/media\\\/sites\\\/4\\\/2023\\\/01\\\/Header_210.jpg\",\"contentUrl\":\"https:\\\/\\\/www.chateaudepuicheric.fr\\\/de\\\/wp-content\\\/media\\\/sites\\\/4\\\/2023\\\/01\\\/Header_210.jpg\",\"width\":1320,\"height\":743},{\"@type\":\"BreadcrumbList\",\"@id\":\"https:\\\/\\\/www.chateaudepuicheric.fr\\\/de\\\/#breadcrumb\",\"itemListElement\":[{\"@type\":\"ListItem\",\"position\":1,\"name\":\"Accueil\",\"item\":\"https:\\\/\\\/www.chateaudepuicheric.fr\\\/de\\\/\"},{\"@type\":\"ListItem\",\"position\":2,\"name\":\"Nahe Carcassonne und dem Canal du Midi, Fr\u00fchst\u00fcckspension\"}]},{\"@type\":\"WebSite\",\"@id\":\"https:\\\/\\\/www.chateaudepuicheric.fr\\\/de\\\/#website\",\"url\":\"https:\\\/\\\/www.chateaudepuicheric.fr\\\/de\\\/\",\"name\":\"Fr\u00fchst\u00fcckspension\",\"description\":\" Fr\u00fchst\u00fcckspension in einer mittelalterlichen Burg\",\"publisher\":{\"@id\":\"https:\\\/\\\/www.chateaudepuicheric.fr\\\/de\\\/#organization\"},\"potentialAction\":[{\"@type\":\"SearchAction\",\"target\":{\"@type\":\"EntryPoint\",\"urlTemplate\":\"https:\\\/\\\/www.chateaudepuicheric.fr\\\/de\\\/?s={search_term_string}\"},\"query-input\":{\"@type\":\"PropertyValueSpecification\",\"valueRequired\":true,\"valueName\":\"search_term_string\"}}],\"inLanguage\":\"de\"},{\"@type\":\"Organization\",\"@id\":\"https:\\\/\\\/www.chateaudepuicheric.fr\\\/de\\\/#organization\",\"name\":\"Fr\u00fchst\u00fcckspension\",\"url\":\"https:\\\/\\\/www.chateaudepuicheric.fr\\\/de\\\/\",\"logo\":{\"@type\":\"ImageObject\",\"inLanguage\":\"de\",\"@id\":\"https:\\\/\\\/www.chateaudepuicheric.fr\\\/de\\\/#\\\/schema\\\/logo\\\/image\\\/\",\"url\":\"https:\\\/\\\/www.chateaudepuicheric.fr\\\/de\\\/wp-content\\\/media\\\/sites\\\/4\\\/2020\\\/02\\\/cropped-Logo-Ch\u00e2teau-de-Puich\u00e9ric_modifi\u00e9-4.png\",\"contentUrl\":\"https:\\\/\\\/www.chateaudepuicheric.fr\\\/de\\\/wp-content\\\/media\\\/sites\\\/4\\\/2020\\\/02\\\/cropped-Logo-Ch\u00e2teau-de-Puich\u00e9ric_modifi\u00e9-4.png\",\"width\":790,\"height\":158,\"caption\":\" Fr\u00fchst\u00fcckspension\"},\"image\":{\"@id\":\"https:\\\/\\\/www.chateaudepuicheric.fr\\\/de\\\/#\\\/schema\\\/logo\\\/image\\\/\"}}]}<\/script>\n<!-- \/ Yoast SEO plugin. -->","yoast_head_json":{"title":"Nahe Carcassonne und dem Canal du Midi, Fr\u00fchst\u00fcckspension - Fr\u00fchst\u00fcckspension","robots":{"index":"index","follow":"follow","max-snippet":"max-snippet:-1","max-image-preview":"max-image-preview:large","max-video-preview":"max-video-preview:-1"},"canonical":"https:\/\/www.chateaudepuicheric.fr\/de\/","og_locale":"de_DE","og_type":"article","og_title":"Nahe Carcassonne und dem Canal du Midi, Fr\u00fchst\u00fcckspension - Fr\u00fchst\u00fcckspension","og_description":"Nahe Carcassonne, unter Denkmalschutz stehende mittelalterliche Burg, nahe dem Canal du Midi, von seinen Burgmauern aus dem 12. Jhd umgebener mediterraner Garten \u00fcber den D\u00e4chern von Puich\u00e9ric, kleine Ortschaft inmitten des Minervois, zwischen Carcassonne und Narbonne. Wenn Sie das Eingangsportal durchschreiten , befinden Sie sich schnell in eine andere Zeit versetzt. Das alte Gem\u00e4uer des ... Weiterlesen ...","og_url":"https:\/\/www.chateaudepuicheric.fr\/de\/","og_site_name":"Fr\u00fchst\u00fcckspension","article_modified_time":"2023-01-28T10:58:14+00:00","og_image":[{"width":1320,"height":743,"url":"https:\/\/www.chateaudepuicheric.fr\/de\/wp-content\/media\/sites\/4\/2023\/01\/Header_210.jpg","type":"image\/jpeg"}],"twitter_card":"summary_large_image","twitter_misc":{"Gesch\u00e4tzte Lesezeit":"2\u00a0Minuten"},"schema":{"@context":"https:\/\/schema.org","@graph":[{"@type":"WebPage","@id":"https:\/\/www.chateaudepuicheric.fr\/de\/","url":"https:\/\/www.chateaudepuicheric.fr\/de\/","name":"Nahe Carcassonne und dem Canal du Midi, Fr\u00fchst\u00fcckspension - Fr\u00fchst\u00fcckspension","isPartOf":{"@id":"https:\/\/www.chateaudepuicheric.fr\/de\/#website"},"primaryImageOfPage":{"@id":"https:\/\/www.chateaudepuicheric.fr\/de\/#primaryimage"},"image":{"@id":"https:\/\/www.chateaudepuicheric.fr\/de\/#primaryimage"},"thumbnailUrl":"https:\/\/www.chateaudepuicheric.fr\/de\/wp-content\/media\/sites\/4\/2023\/01\/Header_210.jpg","datePublished":"2017-07-07T21:49:02+00:00","dateModified":"2023-01-28T10:58:14+00:00","breadcrumb":{"@id":"https:\/\/www.chateaudepuicheric.fr\/de\/#breadcrumb"},"inLanguage":"de","potentialAction":[{"@type":"ReadAction","target":["https:\/\/www.chateaudepuicheric.fr\/de\/"]}]},{"@type":"ImageObject","inLanguage":"de","@id":"https:\/\/www.chateaudepuicheric.fr\/de\/#primaryimage","url":"https:\/\/www.chateaudepuicheric.fr\/de\/wp-content\/media\/sites\/4\/2023\/01\/Header_210.jpg","contentUrl":"https:\/\/www.chateaudepuicheric.fr\/de\/wp-content\/media\/sites\/4\/2023\/01\/Header_210.jpg","width":1320,"height":743},{"@type":"BreadcrumbList","@id":"https:\/\/www.chateaudepuicheric.fr\/de\/#breadcrumb","itemListElement":[{"@type":"ListItem","position":1,"name":"Accueil","item":"https:\/\/www.chateaudepuicheric.fr\/de\/"},{"@type":"ListItem","position":2,"name":"Nahe Carcassonne und dem Canal du Midi, Fr\u00fchst\u00fcckspension"}]},{"@type":"WebSite","@id":"https:\/\/www.chateaudepuicheric.fr\/de\/#website","url":"https:\/\/www.chateaudepuicheric.fr\/de\/","name":"Fr\u00fchst\u00fcckspension","description":" Fr\u00fchst\u00fcckspension in einer mittelalterlichen Burg","publisher":{"@id":"https:\/\/www.chateaudepuicheric.fr\/de\/#organization"},"potentialAction":[{"@type":"SearchAction","target":{"@type":"EntryPoint","urlTemplate":"https:\/\/www.chateaudepuicheric.fr\/de\/?s={search_term_string}"},"query-input":{"@type":"PropertyValueSpecification","valueRequired":true,"valueName":"search_term_string"}}],"inLanguage":"de"},{"@type":"Organization","@id":"https:\/\/www.chateaudepuicheric.fr\/de\/#organization","name":"Fr\u00fchst\u00fcckspension","url":"https:\/\/www.chateaudepuicheric.fr\/de\/","logo":{"@type":"ImageObject","inLanguage":"de","@id":"https:\/\/www.chateaudepuicheric.fr\/de\/#\/schema\/logo\/image\/","url":"https:\/\/www.chateaudepuicheric.fr\/de\/wp-content\/media\/sites\/4\/2020\/02\/cropped-Logo-Ch\u00e2teau-de-Puich\u00e9ric_modifi\u00e9-4.png","contentUrl":"https:\/\/www.chateaudepuicheric.fr\/de\/wp-content\/media\/sites\/4\/2020\/02\/cropped-Logo-Ch\u00e2teau-de-Puich\u00e9ric_modifi\u00e9-4.png","width":790,"height":158,"caption":" Fr\u00fchst\u00fcckspension"},"image":{"@id":"https:\/\/www.chateaudepuicheric.fr\/de\/#\/schema\/logo\/image\/"}}]}},"_links":{"self":[{"href":"https:\/\/www.chateaudepuicheric.fr\/de\/wp-json\/wp\/v2\/pages\/2","targetHints":{"allow":["GET"]}}],"collection":[{"href":"https:\/\/www.chateaudepuicheric.fr\/de\/wp-json\/wp\/v2\/pages"}],"about":[{"href":"https:\/\/www.chateaudepuicheric.fr\/de\/wp-json\/wp\/v2\/types\/page"}],"author":[{"embeddable":true,"href":"https:\/\/www.chateaudepuicheric.fr\/de\/wp-json\/wp\/v2\/users\/1"}],"replies":[{"embeddable":true,"href":"https:\/\/www.chateaudepuicheric.fr\/de\/wp-json\/wp\/v2\/comments?post=2"}],"version-history":[{"count":0,"href":"https:\/\/www.chateaudepuicheric.fr\/de\/wp-json\/wp\/v2\/pages\/2\/revisions"}],"wp:featuredmedia":[{"embeddable":true,"href":"https:\/\/www.chateaudepuicheric.fr\/de\/wp-json\/wp\/v2\/media\/309"}],"wp:attachment":[{"href":"https:\/\/www.chateaudepuicheric.fr\/de\/wp-json\/wp\/v2\/media?parent=2"}],"curies":[{"name":"wp","href":"https:\/\/api.w.org\/{rel}","templated":true}]}}