{"id":5,"date":"2017-07-09T12:38:38","date_gmt":"2017-07-09T10:38:38","guid":{"rendered":"http:\/\/www.chateaudepuicheric.fr\/de\/?page_id=5"},"modified":"2023-04-16T11:08:30","modified_gmt":"2023-04-16T09:08:30","slug":"die-burg","status":"publish","type":"page","link":"https:\/\/www.chateaudepuicheric.fr\/de\/die-burg\/","title":{"rendered":"Die Burg"},"content":{"rendered":"<p>1000 Jahre Geschichte haben das ch\u00e2teau, je nach Funktion und Gebrauch, ver\u00e4ndert. Von Carcassonne kommend, erkennt man schon im Anrollen den mittelalterlichen Turm, welcher auch Teil der Burgmauer ist und die Einheit von Burg und Kirche auf dem Burgh\u00fcgel, im alten Ortskern von Puich\u00e9ric.\u00a0 Umfangen von seinen Mauern, befinden sich die Burg und sein Garten \u00fcber den D\u00e4chern von Puich\u00e9ric, von wo aus man den Blick \u00fcber die weinreiche Gegend des Minervois schweifen lassen kann. Inmitten dieses schattigen, mediterranen Gartens kann man, sich in eine H\u00e4ngematte fallen lassend, oder in einen Liegestuhl, leicht die Zeit vergessen und den Geist (esprit) dieses magischen Ortes\u00a0 auf sich wirken lassen<\/p>\n<p>Seit 2022 haben wir ein &#8222;<strong><a href=\"https:\/\/cafe-associatif.chateaudepuicheric.fr\/\" target=\"_blank\" rel=\"noopener\">Caf\u00e9 Assocatif<\/a><\/strong>&#8220; im Innenhof des Ch\u00e2teau ge\u00f6ffnet (von Juni bis September 12-17 h) , ansonsten gibt es eine\u00a0 <a href=\"https:\/\/m.facebook.com\/pages\/category\/Pizza-Place\/Pizzeria-Donatella-113212503487806\/\">Pizzeria Donatella<\/a> im Ort.\u00a0<\/p>\n\n<div>\u00a0<\/div>\n<div>\n<h2>Die \u00a0Geschichte<\/h2>\n<p>Die Burg ist von einer Burgmauer mit ihrem dazugeh\u00f6rigen Turm umgeben, welche 1000 Jahre Geschichte, Wind und Wetter ausgesetzt waren. Der quadratische Innenhof umrahmt mit Fassaden aus dem 18. und 19 Jhd. ein Kreuzstockfenster der Renaissance . Im nordostteil des Schlosses befinden sich bemalte Plafone (die man immer wieder im Languedoc in historischen Bauwerken antrifft) aus dem 17. Jhd. Auch im Turm befinden sich Fresken derselben Epoche, die noch nicht renoviert sind, aber besichtigt werden k\u00f6nnen.<\/p>\n<p>Ein gro\u00dfer Teil des Schlosses wurde vom Schwarzen Prinzen (Edward of Woodstock) 1355 zerst\u00f6rt. Aus dieser Zeit stammen die Burgmauer, der Turm und die Fundamente der Nordseite. Mit den Jahrhunderten ver\u00e4nderte sich der Charakter der Burg, die langsam zu einem Schlo\u00df umfunktionniert wurde, wobei jede Epoche ihre charakteristischen Z\u00fcge hinterlassen hat.<\/p>\n<p>Bis zur franz\u00f6sischen Revolution war das Schlo\u00df im Besitz des Adels und die letzten Besitzer waren die \u00a0Familie Reverdy, zu deren Zeit auch die letzte gro\u00dfe Umgestaltungsphase des Schlosses zu Beginn des vorigen Jahrhunderts vorgenommen wurde: die D\u00e4cher wurden erh\u00f6ht und einander angeglichen, die Zimmerverteilung modifiziert, die Fu\u00dfb\u00f6den mit Zementfliesen verlegt.<\/p>\n<p>Als wir das Schlo\u00df 2010 erworben haben, war das Kaminfeuer die einzige Heizm\u00f6glichkeit und kaltes Flie\u00dfwasser wurde erst in eine Zisterne gepumpt, um mittels Gravit\u00e4t \u00fcber Bleirohre in die verschiedenen Waschbecken zu flie\u00dfen, der Strom wurde noch in gewickelten Kabeln der Jahrhundertwende gef\u00fchrt. Seither haben wir Instandsetzungsarbeiten durchgef\u00fchrt, um den Komfort zu verbessern, dabei aber versucht die spezielle und etwas altmodische Atmosph\u00e4re beizubehalten.<\/p>\n<p>Heute ist das Schlo\u00df bereit Sie aufzunehmen und willkommen zu hei\u00dfen, auch wenn noch nicht alle Restaurierungs- und Renovierungsarbeiten abgeschlossen sind. Wir haben viel Wert auf Schlafkomfort und auf die Schalld\u00e4mmung zwischen den Zimmern gelegt (auch wenn st\u00fcndlich die Kirchenglocken l\u00e4uten)&#8230;. Sie werden dennoch ein altes Schlo\u00df vorfinden, mit seinen alten, historischen Details, seinen langen G\u00e4ngen, seinem steilen Zugang und welches trotzdem den modernen Aspr\u00fcchen an \u00c4sthetik und Komfort entspricht.<\/p>\n<p>Seit 2013 ist das Ch\u00e2teau de Puich\u00e9ric in seiner Gesamtheit unter Denkmalschutz gestellt.<\/p>\n<p><iframe loading=\"lazy\" title=\"Puiche\u0301ric-Gite-Cha\u0302teau\" src=\"https:\/\/player.vimeo.com\/video\/748272655?h=4123ead800&amp;dnt=1&amp;app_id=122963\" width=\"1200\" height=\"675\" frameborder=\"0\" allow=\"autoplay; fullscreen; picture-in-picture\" allowfullscreen><\/iframe><\/p>\n<p><img decoding=\"async\" class=\"alignnone size-full wp-image-286\" src=\"\/wp-content\/uploads\/sites\/2\/2017\/07\/1-Vue-densemble.jpg\" alt=\"\" width=\"800\" height=\"553\" \/><\/p>\n<\/div>\n\n\n\n","protected":false},"excerpt":{"rendered":"<p>1000 Jahre Geschichte haben das ch\u00e2teau, je nach Funktion und Gebrauch, ver\u00e4ndert. Von Carcassonne kommend, erkennt man schon im Anrollen den mittelalterlichen Turm, welcher auch Teil der Burgmauer ist und die Einheit von Burg und Kirche auf dem Burgh\u00fcgel, im alten Ortskern von Puich\u00e9ric.\u00a0 Umfangen von seinen Mauern, befinden sich die Burg und sein Garten &#8230; <a title=\"Die Burg\" class=\"read-more\" href=\"https:\/\/www.chateaudepuicheric.fr\/de\/die-burg\/\" aria-label=\"Mehr Informationen \u00fcber Die Burg\">Weiterlesen &#8230;<\/a><\/p>\n","protected":false},"author":1,"featured_media":254,"parent":0,"menu_order":1,"comment_status":"closed","ping_status":"closed","template":"","meta":{"footnotes":""},"class_list":["post-5","page","type-page","status-publish","has-post-thumbnail"],"yoast_head":"<!-- This site is optimized with the Yoast SEO plugin v27.5 - https:\/\/yoast.com\/product\/yoast-seo-wordpress\/ -->\n<title>Die Burg - Fr\u00fchst\u00fcckspension<\/title>\n<meta name=\"robots\" content=\"index, follow, max-snippet:-1, max-image-preview:large, max-video-preview:-1\" \/>\n<link rel=\"canonical\" href=\"https:\/\/www.chateaudepuicheric.fr\/de\/die-burg\/\" \/>\n<meta property=\"og:locale\" content=\"de_DE\" \/>\n<meta property=\"og:type\" content=\"article\" \/>\n<meta property=\"og:title\" content=\"Die Burg - Fr\u00fchst\u00fcckspension\" \/>\n<meta property=\"og:description\" content=\"1000 Jahre Geschichte haben das ch\u00e2teau, je nach Funktion und Gebrauch, ver\u00e4ndert. Von Carcassonne kommend, erkennt man schon im Anrollen den mittelalterlichen Turm, welcher auch Teil der Burgmauer ist und die Einheit von Burg und Kirche auf dem Burgh\u00fcgel, im alten Ortskern von Puich\u00e9ric.\u00a0 Umfangen von seinen Mauern, befinden sich die Burg und sein Garten ... Weiterlesen ...\" \/>\n<meta property=\"og:url\" content=\"https:\/\/www.chateaudepuicheric.fr\/de\/die-burg\/\" \/>\n<meta property=\"og:site_name\" content=\"Fr\u00fchst\u00fcckspension\" \/>\n<meta property=\"article:modified_time\" content=\"2023-04-16T09:08:30+00:00\" \/>\n<meta property=\"og:image\" content=\"https:\/\/www.chateaudepuicheric.fr\/de\/wp-content\/media\/sites\/4\/2020\/02\/Ch\u00e2teau-de-Puich\u00e9ric-Chambres-dh\u00f4tes-scaled.jpg\" \/>\n\t<meta property=\"og:image:width\" content=\"1589\" \/>\n\t<meta property=\"og:image:height\" content=\"800\" \/>\n\t<meta property=\"og:image:type\" content=\"image\/jpeg\" \/>\n<meta name=\"twitter:card\" content=\"summary_large_image\" \/>\n<meta name=\"twitter:label1\" content=\"Gesch\u00e4tzte Lesezeit\" \/>\n\t<meta name=\"twitter:data1\" content=\"3\u00a0Minuten\" \/>\n<script type=\"application\/ld+json\" class=\"yoast-schema-graph\">{\"@context\":\"https:\\\/\\\/schema.org\",\"@graph\":[{\"@type\":\"WebPage\",\"@id\":\"https:\\\/\\\/www.chateaudepuicheric.fr\\\/de\\\/die-burg\\\/\",\"url\":\"https:\\\/\\\/www.chateaudepuicheric.fr\\\/de\\\/die-burg\\\/\",\"name\":\"Die Burg - Fr\u00fchst\u00fcckspension\",\"isPartOf\":{\"@id\":\"https:\\\/\\\/www.chateaudepuicheric.fr\\\/de\\\/#website\"},\"primaryImageOfPage\":{\"@id\":\"https:\\\/\\\/www.chateaudepuicheric.fr\\\/de\\\/die-burg\\\/#primaryimage\"},\"image\":{\"@id\":\"https:\\\/\\\/www.chateaudepuicheric.fr\\\/de\\\/die-burg\\\/#primaryimage\"},\"thumbnailUrl\":\"https:\\\/\\\/www.chateaudepuicheric.fr\\\/de\\\/wp-content\\\/media\\\/sites\\\/4\\\/2020\\\/02\\\/Ch\u00e2teau-de-Puich\u00e9ric-Chambres-dh\u00f4tes-scaled.jpg\",\"datePublished\":\"2017-07-09T10:38:38+00:00\",\"dateModified\":\"2023-04-16T09:08:30+00:00\",\"breadcrumb\":{\"@id\":\"https:\\\/\\\/www.chateaudepuicheric.fr\\\/de\\\/die-burg\\\/#breadcrumb\"},\"inLanguage\":\"de\",\"potentialAction\":[{\"@type\":\"ReadAction\",\"target\":[\"https:\\\/\\\/www.chateaudepuicheric.fr\\\/de\\\/die-burg\\\/\"]}]},{\"@type\":\"ImageObject\",\"inLanguage\":\"de\",\"@id\":\"https:\\\/\\\/www.chateaudepuicheric.fr\\\/de\\\/die-burg\\\/#primaryimage\",\"url\":\"https:\\\/\\\/www.chateaudepuicheric.fr\\\/de\\\/wp-content\\\/media\\\/sites\\\/4\\\/2020\\\/02\\\/Ch\u00e2teau-de-Puich\u00e9ric-Chambres-dh\u00f4tes-scaled.jpg\",\"contentUrl\":\"https:\\\/\\\/www.chateaudepuicheric.fr\\\/de\\\/wp-content\\\/media\\\/sites\\\/4\\\/2020\\\/02\\\/Ch\u00e2teau-de-Puich\u00e9ric-Chambres-dh\u00f4tes-scaled.jpg\",\"width\":1589,\"height\":800,\"caption\":\"Ch\u00e2teau de Puich\u00e9ric - Chambres d'h\u00f4tes\"},{\"@type\":\"BreadcrumbList\",\"@id\":\"https:\\\/\\\/www.chateaudepuicheric.fr\\\/de\\\/die-burg\\\/#breadcrumb\",\"itemListElement\":[{\"@type\":\"ListItem\",\"position\":1,\"name\":\"Accueil\",\"item\":\"https:\\\/\\\/www.chateaudepuicheric.fr\\\/de\\\/\"},{\"@type\":\"ListItem\",\"position\":2,\"name\":\"Die Burg\"}]},{\"@type\":\"WebSite\",\"@id\":\"https:\\\/\\\/www.chateaudepuicheric.fr\\\/de\\\/#website\",\"url\":\"https:\\\/\\\/www.chateaudepuicheric.fr\\\/de\\\/\",\"name\":\"Fr\u00fchst\u00fcckspension\",\"description\":\" Fr\u00fchst\u00fcckspension in einer mittelalterlichen Burg\",\"publisher\":{\"@id\":\"https:\\\/\\\/www.chateaudepuicheric.fr\\\/de\\\/#organization\"},\"potentialAction\":[{\"@type\":\"SearchAction\",\"target\":{\"@type\":\"EntryPoint\",\"urlTemplate\":\"https:\\\/\\\/www.chateaudepuicheric.fr\\\/de\\\/?s={search_term_string}\"},\"query-input\":{\"@type\":\"PropertyValueSpecification\",\"valueRequired\":true,\"valueName\":\"search_term_string\"}}],\"inLanguage\":\"de\"},{\"@type\":\"Organization\",\"@id\":\"https:\\\/\\\/www.chateaudepuicheric.fr\\\/de\\\/#organization\",\"name\":\"Fr\u00fchst\u00fcckspension\",\"url\":\"https:\\\/\\\/www.chateaudepuicheric.fr\\\/de\\\/\",\"logo\":{\"@type\":\"ImageObject\",\"inLanguage\":\"de\",\"@id\":\"https:\\\/\\\/www.chateaudepuicheric.fr\\\/de\\\/#\\\/schema\\\/logo\\\/image\\\/\",\"url\":\"https:\\\/\\\/www.chateaudepuicheric.fr\\\/de\\\/wp-content\\\/media\\\/sites\\\/4\\\/2020\\\/02\\\/cropped-Logo-Ch\u00e2teau-de-Puich\u00e9ric_modifi\u00e9-4.png\",\"contentUrl\":\"https:\\\/\\\/www.chateaudepuicheric.fr\\\/de\\\/wp-content\\\/media\\\/sites\\\/4\\\/2020\\\/02\\\/cropped-Logo-Ch\u00e2teau-de-Puich\u00e9ric_modifi\u00e9-4.png\",\"width\":790,\"height\":158,\"caption\":\" Fr\u00fchst\u00fcckspension\"},\"image\":{\"@id\":\"https:\\\/\\\/www.chateaudepuicheric.fr\\\/de\\\/#\\\/schema\\\/logo\\\/image\\\/\"}}]}<\/script>\n<!-- \/ Yoast SEO plugin. -->","yoast_head_json":{"title":"Die Burg - Fr\u00fchst\u00fcckspension","robots":{"index":"index","follow":"follow","max-snippet":"max-snippet:-1","max-image-preview":"max-image-preview:large","max-video-preview":"max-video-preview:-1"},"canonical":"https:\/\/www.chateaudepuicheric.fr\/de\/die-burg\/","og_locale":"de_DE","og_type":"article","og_title":"Die Burg - Fr\u00fchst\u00fcckspension","og_description":"1000 Jahre Geschichte haben das ch\u00e2teau, je nach Funktion und Gebrauch, ver\u00e4ndert. Von Carcassonne kommend, erkennt man schon im Anrollen den mittelalterlichen Turm, welcher auch Teil der Burgmauer ist und die Einheit von Burg und Kirche auf dem Burgh\u00fcgel, im alten Ortskern von Puich\u00e9ric.\u00a0 Umfangen von seinen Mauern, befinden sich die Burg und sein Garten ... Weiterlesen ...","og_url":"https:\/\/www.chateaudepuicheric.fr\/de\/die-burg\/","og_site_name":"Fr\u00fchst\u00fcckspension","article_modified_time":"2023-04-16T09:08:30+00:00","og_image":[{"width":1589,"height":800,"url":"https:\/\/www.chateaudepuicheric.fr\/de\/wp-content\/media\/sites\/4\/2020\/02\/Ch\u00e2teau-de-Puich\u00e9ric-Chambres-dh\u00f4tes-scaled.jpg","type":"image\/jpeg"}],"twitter_card":"summary_large_image","twitter_misc":{"Gesch\u00e4tzte Lesezeit":"3\u00a0Minuten"},"schema":{"@context":"https:\/\/schema.org","@graph":[{"@type":"WebPage","@id":"https:\/\/www.chateaudepuicheric.fr\/de\/die-burg\/","url":"https:\/\/www.chateaudepuicheric.fr\/de\/die-burg\/","name":"Die Burg - Fr\u00fchst\u00fcckspension","isPartOf":{"@id":"https:\/\/www.chateaudepuicheric.fr\/de\/#website"},"primaryImageOfPage":{"@id":"https:\/\/www.chateaudepuicheric.fr\/de\/die-burg\/#primaryimage"},"image":{"@id":"https:\/\/www.chateaudepuicheric.fr\/de\/die-burg\/#primaryimage"},"thumbnailUrl":"https:\/\/www.chateaudepuicheric.fr\/de\/wp-content\/media\/sites\/4\/2020\/02\/Ch\u00e2teau-de-Puich\u00e9ric-Chambres-dh\u00f4tes-scaled.jpg","datePublished":"2017-07-09T10:38:38+00:00","dateModified":"2023-04-16T09:08:30+00:00","breadcrumb":{"@id":"https:\/\/www.chateaudepuicheric.fr\/de\/die-burg\/#breadcrumb"},"inLanguage":"de","potentialAction":[{"@type":"ReadAction","target":["https:\/\/www.chateaudepuicheric.fr\/de\/die-burg\/"]}]},{"@type":"ImageObject","inLanguage":"de","@id":"https:\/\/www.chateaudepuicheric.fr\/de\/die-burg\/#primaryimage","url":"https:\/\/www.chateaudepuicheric.fr\/de\/wp-content\/media\/sites\/4\/2020\/02\/Ch\u00e2teau-de-Puich\u00e9ric-Chambres-dh\u00f4tes-scaled.jpg","contentUrl":"https:\/\/www.chateaudepuicheric.fr\/de\/wp-content\/media\/sites\/4\/2020\/02\/Ch\u00e2teau-de-Puich\u00e9ric-Chambres-dh\u00f4tes-scaled.jpg","width":1589,"height":800,"caption":"Ch\u00e2teau de Puich\u00e9ric - Chambres d'h\u00f4tes"},{"@type":"BreadcrumbList","@id":"https:\/\/www.chateaudepuicheric.fr\/de\/die-burg\/#breadcrumb","itemListElement":[{"@type":"ListItem","position":1,"name":"Accueil","item":"https:\/\/www.chateaudepuicheric.fr\/de\/"},{"@type":"ListItem","position":2,"name":"Die Burg"}]},{"@type":"WebSite","@id":"https:\/\/www.chateaudepuicheric.fr\/de\/#website","url":"https:\/\/www.chateaudepuicheric.fr\/de\/","name":"Fr\u00fchst\u00fcckspension","description":" Fr\u00fchst\u00fcckspension in einer mittelalterlichen Burg","publisher":{"@id":"https:\/\/www.chateaudepuicheric.fr\/de\/#organization"},"potentialAction":[{"@type":"SearchAction","target":{"@type":"EntryPoint","urlTemplate":"https:\/\/www.chateaudepuicheric.fr\/de\/?s={search_term_string}"},"query-input":{"@type":"PropertyValueSpecification","valueRequired":true,"valueName":"search_term_string"}}],"inLanguage":"de"},{"@type":"Organization","@id":"https:\/\/www.chateaudepuicheric.fr\/de\/#organization","name":"Fr\u00fchst\u00fcckspension","url":"https:\/\/www.chateaudepuicheric.fr\/de\/","logo":{"@type":"ImageObject","inLanguage":"de","@id":"https:\/\/www.chateaudepuicheric.fr\/de\/#\/schema\/logo\/image\/","url":"https:\/\/www.chateaudepuicheric.fr\/de\/wp-content\/media\/sites\/4\/2020\/02\/cropped-Logo-Ch\u00e2teau-de-Puich\u00e9ric_modifi\u00e9-4.png","contentUrl":"https:\/\/www.chateaudepuicheric.fr\/de\/wp-content\/media\/sites\/4\/2020\/02\/cropped-Logo-Ch\u00e2teau-de-Puich\u00e9ric_modifi\u00e9-4.png","width":790,"height":158,"caption":" Fr\u00fchst\u00fcckspension"},"image":{"@id":"https:\/\/www.chateaudepuicheric.fr\/de\/#\/schema\/logo\/image\/"}}]}},"_links":{"self":[{"href":"https:\/\/www.chateaudepuicheric.fr\/de\/wp-json\/wp\/v2\/pages\/5","targetHints":{"allow":["GET"]}}],"collection":[{"href":"https:\/\/www.chateaudepuicheric.fr\/de\/wp-json\/wp\/v2\/pages"}],"about":[{"href":"https:\/\/www.chateaudepuicheric.fr\/de\/wp-json\/wp\/v2\/types\/page"}],"author":[{"embeddable":true,"href":"https:\/\/www.chateaudepuicheric.fr\/de\/wp-json\/wp\/v2\/users\/1"}],"replies":[{"embeddable":true,"href":"https:\/\/www.chateaudepuicheric.fr\/de\/wp-json\/wp\/v2\/comments?post=5"}],"version-history":[{"count":0,"href":"https:\/\/www.chateaudepuicheric.fr\/de\/wp-json\/wp\/v2\/pages\/5\/revisions"}],"wp:featuredmedia":[{"embeddable":true,"href":"https:\/\/www.chateaudepuicheric.fr\/de\/wp-json\/wp\/v2\/media\/254"}],"wp:attachment":[{"href":"https:\/\/www.chateaudepuicheric.fr\/de\/wp-json\/wp\/v2\/media?parent=5"}],"curies":[{"name":"wp","href":"https:\/\/api.w.org\/{rel}","templated":true}]}}