{"id":55,"date":"2017-07-24T03:47:19","date_gmt":"2017-07-24T01:47:19","guid":{"rendered":"http:\/\/www.chateaudepuicheric.fr\/?page_id=55"},"modified":"2020-02-08T12:51:30","modified_gmt":"2020-02-08T11:51:30","slug":"chateau-de-puicheric","status":"publish","type":"page","link":"https:\/\/www.chateaudepuicheric.fr\/es\/chateau-de-puicheric\/","title":{"rendered":"Castillo de Puich\u00e9ric"},"content":{"rendered":"<p>Rodeado de viajas piedras, podr\u00e9is dejaros llevar por vuestra imaginaci\u00f3n en el castillo de <em>Puich\u00e9ric<\/em> en un otro tiempo, protegido del mundo moderno en el ambiente sereno y calmo de un jard\u00edn mediterr\u00e1neo.<br \/>\n<strong>Para relajaros<\/strong>, el jard\u00edn del castillo est\u00e1 a vuestra disposici\u00f3n, con sus rincones rom\u00e1nticos, su majestuosa vista por encina de la llanura del Aude&#8230; Si quer\u00e9is relajaros todav\u00eda m\u00e1s, Dominica puede haceros un masaje californiano.<br \/>\nSi os gusta la m\u00fasica, dos pianos y varias guitarras est\u00e1n a vuestra disposici\u00f3n.<\/p>\n<p>Para cenar tendr\u00e9is varias posibilidades :<br \/>\n<strong>La mesa de hu\u00e9spedes<\/strong>, a confirmar como muy tarde&nbsp; unos d\u00edas &nbsp;antes de vuestra llegada. En general se sirve en terraza si el tiempo lo permite, o si no, en el comedor.<br \/>\n<strong>La preparaci\u00f3n de vuestra cena<\/strong> en el castillo dentro de la cocina totalmente equipada y a vuestra disposici\u00f3n (con un verdadero flipper de \u00e9poca y gratuito). El supermercado est\u00e1 cerca del castillo. Podr\u00e9is cenar el en jard\u00edn o el patio.<br \/>\n<strong>El restaurante<\/strong>: a menos de cinco minutos a pie (<em>Chez Modeste, l&#8217;Astoria, Pizzeria<\/em>).<\/p>\n<p><strong>La cocina y el comedor<\/strong><\/p>\n<p><img decoding=\"async\" class=\"alignnone wp-image-83\" src=\"\/wp-content\/uploads\/sites\/2\/2017\/06\/5-IMG_0687.jpg\" alt=\"La cuisine du ch\u00e2teau\" width=\"351\" height=\"263\">&nbsp;<img decoding=\"async\" class=\"alignnone wp-image-82\" src=\"\/wp-content\/uploads\/sites\/2\/2017\/06\/4-IMG_0678.jpg\" alt=\"La cuisine du ch\u00e2teau\" width=\"351\" height=\"263\"><br \/>\n<img decoding=\"async\" class=\"alignnone wp-image-84\" src=\"\/wp-content\/uploads\/sites\/2\/2017\/06\/6-2017-02.jpg\" alt=\"Le flipper\" width=\"350\" height=\"233\">&nbsp;<img decoding=\"async\" class=\"alignnone wp-image-80\" src=\"\/wp-content\/uploads\/sites\/2\/2017\/06\/3-P1090143.jpg\" alt=\"La salle \u00e0 manger du ch\u00e2teau\" width=\"350\" height=\"263\"><\/p>\n<p><strong>El patio y el jard\u00edn<\/strong><br \/>\n<img decoding=\"async\" class=\"alignnone wp-image-78\" src=\"\/wp-content\/uploads\/sites\/2\/2017\/06\/2-P1090157.jpg\" alt=\"La cour du ch\u00e2teau\" width=\"350\" height=\"263\">&nbsp;<img decoding=\"async\" class=\"alignnone wp-image-77\" src=\"\/wp-content\/uploads\/sites\/2\/2017\/06\/1-P1120463.jpg\" alt=\"Le jardin du ch\u00e2teau\" width=\"350\" height=\"263\"><br \/>\n<img decoding=\"async\" class=\"alignnone wp-image-79\" src=\"\/wp-content\/uploads\/sites\/2\/2017\/06\/2-P1090732.jpg\" alt=\"Le jardin du ch\u00e2teau\" width=\"350\" height=\"263\">&nbsp;<img decoding=\"async\" class=\"alignnone wp-image-81\" src=\"\/wp-content\/uploads\/sites\/2\/2017\/06\/3-P1090738.jpg\" alt=\"La jardin du ch\u00e2teau\" width=\"350\" height=\"263\"><br \/>\n<img decoding=\"async\" class=\"alignnone wp-image-85\" src=\"\/wp-content\/uploads\/sites\/2\/2017\/06\/P1260793.jpg\" alt=\"Vue avec brouillard\" width=\"350\" height=\"263\">&nbsp;<img decoding=\"async\" class=\"alignnone wp-image-76\" src=\"\/wp-content\/uploads\/sites\/2\/2017\/06\/1-P1030550.jpg\" alt=\"La nuit au ch\u00e2teau\" width=\"350\" height=\"263\"><\/p>\n<p><strong>La historia del castillo de <em>Puich\u00e9ric<\/em><\/strong><\/p>\n<p><em>&nbsp;<\/em>Una pared y una torre de mil a\u00f1os de historia, un peque\u00f1o patio con fachadas del XVI, XVII, y del XVIII. Techos y frescos pintados del siglo XVII. La mayor\u00eda del castillo original fue destruida por el pr\u00edncipe negro en 1355. De esa \u00e9poca solo quedan las paredes del recinto, algunas cavas y la torre. Desde, el castillo fue modificado, reconstruido poco a poco cada \u00e9poca aportando su \u201cgrano de arena\u201d al edificio\u2026<br \/>\nFue ocupado por nobles hasta la revoluci\u00f3n, y luego por la familia Reverdy hasta 1990. Durante el siglo pasado se han realizado modificaciones importantes (aumento de la altura del techo, aislamiento, embaldosado).<br \/>\nNosotros hemos llegado en el castillo en 2010. A esa \u00e9poca, la chimenea era la \u00fanica manera de calentamiento, el agua corriente (fr\u00eda) era simb\u00f3lica, la electricidad de hilos aparentes\u2026 Desde obras de rehabilitaci\u00f3n y de distribuci\u00f3n&nbsp; han mejorado el confort, siempre intentando guardar este ambiente un poco anticuado.<br \/>\nHoy, el castillo est\u00e1 listo para acogeros aunque todo no est\u00e9 terminado. Una atenci\u00f3n particular a sido puesta en la elecci\u00f3n de las camas, la insonorizaci\u00f3n (a pesar de las campanas de la iglesia que suenan todas las horas)&#8230; Pero siempre quedar\u00e1 un castillo con sus largos pasillos, sus detalles de \u00e9poca, sus escaleras de acceso&#8230;<br \/>\nEn parte inscrito en 1952, el castillo est\u00e1 desde 2013 inscrito al T\u00edtulo de los Monumentos Hist\u00f3rico en su totalidad.<\/p>\n<p><img decoding=\"async\" class=\"alignnone size-full wp-image-286\" src=\"\/wp-content\/uploads\/sites\/2\/2017\/07\/1-Vue-densemble.jpg\" alt=\"\" width=\"800\" height=\"553\"><\/p>\n","protected":false},"excerpt":{"rendered":"<p>Rodeado de viajas piedras, podr\u00e9is dejaros llevar por vuestra imaginaci\u00f3n en el castillo de Puich\u00e9ric en un otro tiempo, protegido del mundo moderno en el ambiente sereno y calmo de un jard\u00edn mediterr\u00e1neo. Para relajaros, el jard\u00edn del castillo est\u00e1 a vuestra disposici\u00f3n, con sus rincones rom\u00e1nticos, su majestuosa vista por encina de la llanura &#8230; <a title=\"Castillo de Puich\u00e9ric\" class=\"read-more\" href=\"https:\/\/www.chateaudepuicheric.fr\/es\/chateau-de-puicheric\/\" aria-label=\"Leer m\u00e1s sobre Castillo de Puich\u00e9ric\">Leer m\u00e1s<\/a><\/p>\n","protected":false},"author":1,"featured_media":225,"parent":0,"menu_order":1,"comment_status":"closed","ping_status":"closed","template":"","meta":{"footnotes":""},"class_list":["post-55","page","type-page","status-publish","has-post-thumbnail"],"yoast_head":"<!-- This site is optimized with the Yoast SEO plugin v27.5 - https:\/\/yoast.com\/product\/yoast-seo-wordpress\/ -->\n<title>Castillo de Puich\u00e9ric - Ch\u00e2teau de Puich\u00e9ric - Habitationes<\/title>\n<meta name=\"robots\" content=\"index, follow, max-snippet:-1, max-image-preview:large, max-video-preview:-1\" \/>\n<link rel=\"canonical\" href=\"https:\/\/www.chateaudepuicheric.fr\/es\/chateau-de-puicheric\/\" \/>\n<meta property=\"og:locale\" content=\"es_ES\" \/>\n<meta property=\"og:type\" content=\"article\" \/>\n<meta property=\"og:title\" content=\"Castillo de Puich\u00e9ric - Ch\u00e2teau de Puich\u00e9ric - Habitationes\" \/>\n<meta property=\"og:description\" content=\"Rodeado de viajas piedras, podr\u00e9is dejaros llevar por vuestra imaginaci\u00f3n en el castillo de Puich\u00e9ric en un otro tiempo, protegido del mundo moderno en el ambiente sereno y calmo de un jard\u00edn mediterr\u00e1neo. Para relajaros, el jard\u00edn del castillo est\u00e1 a vuestra disposici\u00f3n, con sus rincones rom\u00e1nticos, su majestuosa vista por encina de la llanura ... Leer m\u00e1s\" \/>\n<meta property=\"og:url\" content=\"https:\/\/www.chateaudepuicheric.fr\/es\/chateau-de-puicheric\/\" \/>\n<meta property=\"og:site_name\" content=\"Ch\u00e2teau de Puich\u00e9ric - Habitationes\" \/>\n<meta property=\"article:publisher\" content=\"https:\/\/www.facebook.com\/Ch%c3%a2teau-de-Puich%c3%a9ric-469809423082370\/\" \/>\n<meta property=\"article:modified_time\" content=\"2020-02-08T11:51:30+00:00\" \/>\n<meta property=\"og:image\" content=\"https:\/\/www.chateaudepuicheric.fr\/es\/wp-content\/media\/sites\/5\/Ch\u00e2teau-de-Puich\u00e9ric-Chambres-dh\u00f4tes-scaled.jpg\" \/>\n\t<meta property=\"og:image:width\" content=\"2560\" \/>\n\t<meta property=\"og:image:height\" content=\"1289\" \/>\n\t<meta property=\"og:image:type\" content=\"image\/jpeg\" \/>\n<meta name=\"twitter:card\" content=\"summary_large_image\" \/>\n<meta name=\"twitter:site\" content=\"@Puicheric11700\" \/>\n<meta name=\"twitter:label1\" content=\"Tiempo de lectura\" \/>\n\t<meta name=\"twitter:data1\" content=\"2 minutos\" \/>\n<script type=\"application\/ld+json\" class=\"yoast-schema-graph\">{\"@context\":\"https:\\\/\\\/schema.org\",\"@graph\":[{\"@type\":\"WebPage\",\"@id\":\"https:\\\/\\\/www.chateaudepuicheric.fr\\\/es\\\/chateau-de-puicheric\\\/\",\"url\":\"https:\\\/\\\/www.chateaudepuicheric.fr\\\/es\\\/chateau-de-puicheric\\\/\",\"name\":\"Castillo de Puich\u00e9ric - Ch\u00e2teau de Puich\u00e9ric - Habitationes\",\"isPartOf\":{\"@id\":\"https:\\\/\\\/www.chateaudepuicheric.fr\\\/es\\\/#website\"},\"primaryImageOfPage\":{\"@id\":\"https:\\\/\\\/www.chateaudepuicheric.fr\\\/es\\\/chateau-de-puicheric\\\/#primaryimage\"},\"image\":{\"@id\":\"https:\\\/\\\/www.chateaudepuicheric.fr\\\/es\\\/chateau-de-puicheric\\\/#primaryimage\"},\"thumbnailUrl\":\"https:\\\/\\\/www.chateaudepuicheric.fr\\\/es\\\/wp-content\\\/media\\\/sites\\\/5\\\/Ch\u00e2teau-de-Puich\u00e9ric-Chambres-dh\u00f4tes-scaled.jpg\",\"datePublished\":\"2017-07-24T01:47:19+00:00\",\"dateModified\":\"2020-02-08T11:51:30+00:00\",\"breadcrumb\":{\"@id\":\"https:\\\/\\\/www.chateaudepuicheric.fr\\\/es\\\/chateau-de-puicheric\\\/#breadcrumb\"},\"inLanguage\":\"es\",\"potentialAction\":[{\"@type\":\"ReadAction\",\"target\":[\"https:\\\/\\\/www.chateaudepuicheric.fr\\\/es\\\/chateau-de-puicheric\\\/\"]}]},{\"@type\":\"ImageObject\",\"inLanguage\":\"es\",\"@id\":\"https:\\\/\\\/www.chateaudepuicheric.fr\\\/es\\\/chateau-de-puicheric\\\/#primaryimage\",\"url\":\"https:\\\/\\\/www.chateaudepuicheric.fr\\\/es\\\/wp-content\\\/media\\\/sites\\\/5\\\/Ch\u00e2teau-de-Puich\u00e9ric-Chambres-dh\u00f4tes-scaled.jpg\",\"contentUrl\":\"https:\\\/\\\/www.chateaudepuicheric.fr\\\/es\\\/wp-content\\\/media\\\/sites\\\/5\\\/Ch\u00e2teau-de-Puich\u00e9ric-Chambres-dh\u00f4tes-scaled.jpg\",\"width\":1589,\"height\":800,\"caption\":\"Ch\u00e2teau de Puich\u00e9ric - Chambres d'h\u00f4tes\"},{\"@type\":\"BreadcrumbList\",\"@id\":\"https:\\\/\\\/www.chateaudepuicheric.fr\\\/es\\\/chateau-de-puicheric\\\/#breadcrumb\",\"itemListElement\":[{\"@type\":\"ListItem\",\"position\":1,\"name\":\"Accueil\",\"item\":\"https:\\\/\\\/www.chateaudepuicheric.fr\\\/es\\\/\"},{\"@type\":\"ListItem\",\"position\":2,\"name\":\"Castillo de Puich\u00e9ric\"}]},{\"@type\":\"WebSite\",\"@id\":\"https:\\\/\\\/www.chateaudepuicheric.fr\\\/es\\\/#website\",\"url\":\"https:\\\/\\\/www.chateaudepuicheric.fr\\\/es\\\/\",\"name\":\"Ch\u00e2teau de Puich\u00e9ric - Habitationes\",\"description\":\"Des chambres d&#039;h\u00f4tes dans un ch\u00e2teau f\u00e9odal\",\"publisher\":{\"@id\":\"https:\\\/\\\/www.chateaudepuicheric.fr\\\/es\\\/#organization\"},\"potentialAction\":[{\"@type\":\"SearchAction\",\"target\":{\"@type\":\"EntryPoint\",\"urlTemplate\":\"https:\\\/\\\/www.chateaudepuicheric.fr\\\/es\\\/?s={search_term_string}\"},\"query-input\":{\"@type\":\"PropertyValueSpecification\",\"valueRequired\":true,\"valueName\":\"search_term_string\"}}],\"inLanguage\":\"es\"},{\"@type\":\"Organization\",\"@id\":\"https:\\\/\\\/www.chateaudepuicheric.fr\\\/es\\\/#organization\",\"name\":\"Ch\u00e2teau de Puich\u00e9ric - Habitationes\",\"url\":\"https:\\\/\\\/www.chateaudepuicheric.fr\\\/es\\\/\",\"logo\":{\"@type\":\"ImageObject\",\"inLanguage\":\"es\",\"@id\":\"https:\\\/\\\/www.chateaudepuicheric.fr\\\/es\\\/#\\\/schema\\\/logo\\\/image\\\/\",\"url\":\"https:\\\/\\\/www.chateaudepuicheric.fr\\\/es\\\/wp-content\\\/media\\\/sites\\\/5\\\/Logo-Ch\u00e2teau-de-Puich\u00e9ric-4.png\",\"contentUrl\":\"https:\\\/\\\/www.chateaudepuicheric.fr\\\/es\\\/wp-content\\\/media\\\/sites\\\/5\\\/Logo-Ch\u00e2teau-de-Puich\u00e9ric-4.png\",\"width\":1170,\"height\":155,\"caption\":\"Ch\u00e2teau de Puich\u00e9ric - Habitationes\"},\"image\":{\"@id\":\"https:\\\/\\\/www.chateaudepuicheric.fr\\\/es\\\/#\\\/schema\\\/logo\\\/image\\\/\"},\"sameAs\":[\"https:\\\/\\\/www.facebook.com\\\/Ch\u00e2teau-de-Puich\u00e9ric-469809423082370\\\/\",\"https:\\\/\\\/x.com\\\/Puicheric11700\"]}]}<\/script>\n<!-- \/ Yoast SEO plugin. -->","yoast_head_json":{"title":"Castillo de Puich\u00e9ric - Ch\u00e2teau de Puich\u00e9ric - Habitationes","robots":{"index":"index","follow":"follow","max-snippet":"max-snippet:-1","max-image-preview":"max-image-preview:large","max-video-preview":"max-video-preview:-1"},"canonical":"https:\/\/www.chateaudepuicheric.fr\/es\/chateau-de-puicheric\/","og_locale":"es_ES","og_type":"article","og_title":"Castillo de Puich\u00e9ric - Ch\u00e2teau de Puich\u00e9ric - Habitationes","og_description":"Rodeado de viajas piedras, podr\u00e9is dejaros llevar por vuestra imaginaci\u00f3n en el castillo de Puich\u00e9ric en un otro tiempo, protegido del mundo moderno en el ambiente sereno y calmo de un jard\u00edn mediterr\u00e1neo. Para relajaros, el jard\u00edn del castillo est\u00e1 a vuestra disposici\u00f3n, con sus rincones rom\u00e1nticos, su majestuosa vista por encina de la llanura ... Leer m\u00e1s","og_url":"https:\/\/www.chateaudepuicheric.fr\/es\/chateau-de-puicheric\/","og_site_name":"Ch\u00e2teau de Puich\u00e9ric - Habitationes","article_publisher":"https:\/\/www.facebook.com\/Ch%c3%a2teau-de-Puich%c3%a9ric-469809423082370\/","article_modified_time":"2020-02-08T11:51:30+00:00","og_image":[{"width":2560,"height":1289,"url":"https:\/\/www.chateaudepuicheric.fr\/es\/wp-content\/media\/sites\/5\/Ch\u00e2teau-de-Puich\u00e9ric-Chambres-dh\u00f4tes-scaled.jpg","type":"image\/jpeg"}],"twitter_card":"summary_large_image","twitter_site":"@Puicheric11700","twitter_misc":{"Tiempo de lectura":"2 minutos"},"schema":{"@context":"https:\/\/schema.org","@graph":[{"@type":"WebPage","@id":"https:\/\/www.chateaudepuicheric.fr\/es\/chateau-de-puicheric\/","url":"https:\/\/www.chateaudepuicheric.fr\/es\/chateau-de-puicheric\/","name":"Castillo de Puich\u00e9ric - Ch\u00e2teau de Puich\u00e9ric - Habitationes","isPartOf":{"@id":"https:\/\/www.chateaudepuicheric.fr\/es\/#website"},"primaryImageOfPage":{"@id":"https:\/\/www.chateaudepuicheric.fr\/es\/chateau-de-puicheric\/#primaryimage"},"image":{"@id":"https:\/\/www.chateaudepuicheric.fr\/es\/chateau-de-puicheric\/#primaryimage"},"thumbnailUrl":"https:\/\/www.chateaudepuicheric.fr\/es\/wp-content\/media\/sites\/5\/Ch\u00e2teau-de-Puich\u00e9ric-Chambres-dh\u00f4tes-scaled.jpg","datePublished":"2017-07-24T01:47:19+00:00","dateModified":"2020-02-08T11:51:30+00:00","breadcrumb":{"@id":"https:\/\/www.chateaudepuicheric.fr\/es\/chateau-de-puicheric\/#breadcrumb"},"inLanguage":"es","potentialAction":[{"@type":"ReadAction","target":["https:\/\/www.chateaudepuicheric.fr\/es\/chateau-de-puicheric\/"]}]},{"@type":"ImageObject","inLanguage":"es","@id":"https:\/\/www.chateaudepuicheric.fr\/es\/chateau-de-puicheric\/#primaryimage","url":"https:\/\/www.chateaudepuicheric.fr\/es\/wp-content\/media\/sites\/5\/Ch\u00e2teau-de-Puich\u00e9ric-Chambres-dh\u00f4tes-scaled.jpg","contentUrl":"https:\/\/www.chateaudepuicheric.fr\/es\/wp-content\/media\/sites\/5\/Ch\u00e2teau-de-Puich\u00e9ric-Chambres-dh\u00f4tes-scaled.jpg","width":1589,"height":800,"caption":"Ch\u00e2teau de Puich\u00e9ric - Chambres d'h\u00f4tes"},{"@type":"BreadcrumbList","@id":"https:\/\/www.chateaudepuicheric.fr\/es\/chateau-de-puicheric\/#breadcrumb","itemListElement":[{"@type":"ListItem","position":1,"name":"Accueil","item":"https:\/\/www.chateaudepuicheric.fr\/es\/"},{"@type":"ListItem","position":2,"name":"Castillo de Puich\u00e9ric"}]},{"@type":"WebSite","@id":"https:\/\/www.chateaudepuicheric.fr\/es\/#website","url":"https:\/\/www.chateaudepuicheric.fr\/es\/","name":"Ch\u00e2teau de Puich\u00e9ric - Habitationes","description":"Des chambres d&#039;h\u00f4tes dans un ch\u00e2teau f\u00e9odal","publisher":{"@id":"https:\/\/www.chateaudepuicheric.fr\/es\/#organization"},"potentialAction":[{"@type":"SearchAction","target":{"@type":"EntryPoint","urlTemplate":"https:\/\/www.chateaudepuicheric.fr\/es\/?s={search_term_string}"},"query-input":{"@type":"PropertyValueSpecification","valueRequired":true,"valueName":"search_term_string"}}],"inLanguage":"es"},{"@type":"Organization","@id":"https:\/\/www.chateaudepuicheric.fr\/es\/#organization","name":"Ch\u00e2teau de Puich\u00e9ric - Habitationes","url":"https:\/\/www.chateaudepuicheric.fr\/es\/","logo":{"@type":"ImageObject","inLanguage":"es","@id":"https:\/\/www.chateaudepuicheric.fr\/es\/#\/schema\/logo\/image\/","url":"https:\/\/www.chateaudepuicheric.fr\/es\/wp-content\/media\/sites\/5\/Logo-Ch\u00e2teau-de-Puich\u00e9ric-4.png","contentUrl":"https:\/\/www.chateaudepuicheric.fr\/es\/wp-content\/media\/sites\/5\/Logo-Ch\u00e2teau-de-Puich\u00e9ric-4.png","width":1170,"height":155,"caption":"Ch\u00e2teau de Puich\u00e9ric - Habitationes"},"image":{"@id":"https:\/\/www.chateaudepuicheric.fr\/es\/#\/schema\/logo\/image\/"},"sameAs":["https:\/\/www.facebook.com\/Ch\u00e2teau-de-Puich\u00e9ric-469809423082370\/","https:\/\/x.com\/Puicheric11700"]}]}},"_links":{"self":[{"href":"https:\/\/www.chateaudepuicheric.fr\/es\/wp-json\/wp\/v2\/pages\/55","targetHints":{"allow":["GET"]}}],"collection":[{"href":"https:\/\/www.chateaudepuicheric.fr\/es\/wp-json\/wp\/v2\/pages"}],"about":[{"href":"https:\/\/www.chateaudepuicheric.fr\/es\/wp-json\/wp\/v2\/types\/page"}],"author":[{"embeddable":true,"href":"https:\/\/www.chateaudepuicheric.fr\/es\/wp-json\/wp\/v2\/users\/1"}],"replies":[{"embeddable":true,"href":"https:\/\/www.chateaudepuicheric.fr\/es\/wp-json\/wp\/v2\/comments?post=55"}],"version-history":[{"count":0,"href":"https:\/\/www.chateaudepuicheric.fr\/es\/wp-json\/wp\/v2\/pages\/55\/revisions"}],"wp:featuredmedia":[{"embeddable":true,"href":"https:\/\/www.chateaudepuicheric.fr\/es\/wp-json\/wp\/v2\/media\/225"}],"wp:attachment":[{"href":"https:\/\/www.chateaudepuicheric.fr\/es\/wp-json\/wp\/v2\/media?parent=55"}],"curies":[{"name":"wp","href":"https:\/\/api.w.org\/{rel}","templated":true}]}}