{"id":61,"date":"2017-07-24T03:51:26","date_gmt":"2017-07-24T01:51:26","guid":{"rendered":"http:\/\/www.chateaudepuicheric.fr\/?page_id=61"},"modified":"2020-02-08T12:50:20","modified_gmt":"2020-02-08T11:50:20","slug":"reservation","status":"publish","type":"page","link":"https:\/\/www.chateaudepuicheric.fr\/es\/reservation\/","title":{"rendered":"Informaciones"},"content":{"rendered":"<p>Dominica Teuschl &amp; Philippe Gouze<br \/>\n2 rue de l&#8217;\u00e9glise, 11700 Puich\u00e9ric<br \/>\nGPS : N 43\u00b0 13&#8242; 26.6, E 002\u00b0 37&#8242; 27.3<br \/>\nTel :\u00a0<a href=\"tel:[+33602337429]\">[+33 6 02 33 74 29] ou\u00a0<\/a><a href=\"tel:[+33468754095]\">[+33 4 68 75 40 95]<\/a><br \/>\n<a href=\"tel:[+33468754095]\"><br \/>\n<\/a><\/p>\n<h3>Pago<\/h3>\n<p>Tarjeta de credito, en efectivo o por transferencia.<\/p>\n<h3><strong>Comercios<\/strong><\/h3>\n<p>En el pueblo, a menos de 5 minutos a pie, hay 2 restaurantes, un supermercado (<em>Vival<\/em>), una panader\u00eda, una carnicer\u00eda, una farmacia, bodegas&#8230;<\/p>\n<h3><strong>Acceso<\/strong><\/h3>\n<p><strong>En bicicleta<\/strong>: a unos 700 m del <em>Canal du Midi<\/em> (PK135), en el puente de piedra, la carreterita es directa, se ve primero la silueta de la iglesia, y acerc\u00e1ndose la de las murallas y de la torre del castillo.<\/p>\n<p><img decoding=\"async\" class=\"alignnone wp-image-46\" src=\"\/wp-content\/uploads\/sites\/2\/2017\/06\/Chemins_chateau.jpg\" alt=\"\" width=\"720\" height=\"387\" \/><\/p>\n<p><strong>En coche<\/strong>: en la carretera <em>Minervoise<\/em>, entre <em>Carcassonne<\/em> (25 minutos) y <em>Narbonne<\/em> (35 minutos), seguir la riachuelo El castillo junto con la iglesia ocupan un pico en el centro de <em>Puich\u00e9ric<\/em>. El castillo se reconoce por su torre cuadrada y por las murallas que lo rodean.<br \/>\nEvitar de ir por la calle de iglesia que es muy estrecha.<br \/>\nCerca de la entrada principal al sur, o a oeste del castillo, hay un gran aparcamiento&#8230;. Tambi\u00e9n existe la posibilidad de aparcarse entre la iglesia y el castillo dentro de un parking privado (un poco m\u00e1s dif\u00edcil de acceso).<\/p>\n<p><img decoding=\"async\" class=\"alignnone wp-image-49\" src=\"\/wp-content\/uploads\/sites\/2\/2017\/06\/Plan_acces.jpg\" alt=\"\" width=\"720\" height=\"360\" \/><\/p>\n<h3>Enlaces \u00fatiles<\/h3>\n<p><a href=\"http:\/\/www.grand-carcassonne-tourisme.fr\/\" target=\"_blank\" rel=\"noopener noreferrer\">Office du Grand Carcassonne<\/a><br \/>\n<a href=\"http:\/\/www.audetourisme.com\/\" target=\"_blank\" rel=\"noopener noreferrer\">Tourisme dans l\u2019Aude<\/a><br \/>\n<a href=\"http:\/\/www.abbayedelagrasse.com\/\" target=\"_blank\" rel=\"noopener noreferrer\">Abbaye de Lagrasse<\/a><br \/>\n<a href=\"http:\/\/www.fontfroide.com\/\" target=\"_blank\" rel=\"noopener noreferrer\">Abbaye de Fontfroide<\/a><br \/>\n<a href=\"http:\/\/www.eau-rizon.org\/\" target=\"_blank\" rel=\"noopener noreferrer\">Eau-rizon<\/a><\/p>\n<h3>Credito<\/h3>\n<p>sitio internet : WordPress &#8211; Radiate &#8211; MultilingualPress &#8211; YoastSEO &#8211; Contact Form7 &#8211; Flamigo &#8211; WP Migrate DB &#8211; 404 Notifier.<\/p>\n<p>traducci\u00f3n : English : Fronza Woods &amp; Simon Pleasance, Espa\u00f1ol : Emma Galy<\/p>\n<h2>Portales asociados<\/h2>\n<p><script src=\"http:\/\/www.jscache.com\/wejs?wtype=selfserveprop&amp;uniq=188&amp;locationId=4162071&amp;lang=fr&amp;rating=true&amp;nreviews=4&amp;writereviewlink=true&amp;popIdx=true&amp;iswide=true&amp;border=true\"><\/script><a href=\"https:\/\/www.sawdays.co.uk\" target=\"_blank\" rel=\"noopener noreferrer\"><img decoding=\"async\" src=\"https:\/\/www.chateaudepuicheric.fr\/wp-content\/media\/sawdays.png\" alt=\"Sawday's\" width=\"100\" height=\"40\" \/><\/a>\u00a0<a style=\"margin-left: 1em; margin-right: 1em;\" href=\"http:\/\/www.chambres-hotes-canal-midi.org\/\" target=\"_blank\" rel=\"noopener noreferrer\"><img decoding=\"async\" src=\"https:\/\/www.chateaudepuicheric.fr\/wp-content\/media\/Ch.-Hotes-Canal.gif\" alt=\"Chambres H\u00f4tes Canal du Midi\" width=\"90\" height=\"44\" border=\"0\" \/><\/a><a href=\"https:\/\/www.relaxbiketours.com\/fr\/homepage.htm\" target=\"_blank\" rel=\"noopener noreferrer\"><img decoding=\"async\" src=\"\/wp-content\/media\/relax_rentals.gif\" width=\"70\" height=\"70\" border=\"0\" \/><\/a> \u00a0 \u00a0\u00a0<a href=\"https:\/\/www.cybevasion.fr\/chambres-hotes-chateau-de-puicheric-puicheric-e29620.html\" target=\"_blank\" rel=\"noopener noreferrer\"><img decoding=\"async\" src=\"https:\/\/www.cybevasion.fr\/lib3\/logo_header2.png\" width=\"150\" height=\"28\" \/><\/a> <a style=\"font-family: 'trebuchet ms', sans-serif; font-size: x-large;\" href=\"https:\/\/www.france-voyage.com\/communes\/puicheric-854\/chateau-puicheric-15819.htm\" target=\"_blank\" rel=\"noopener noreferrer\"><img decoding=\"async\" title=\"Ch\u00e2teau de Puich\u00e9ric\" src=\"https:\/\/www.france-voyage.com\/visuals\/common\/france-voyage.com.gif\" width=\"100\" height=\"33\" border=\"0\" \/><\/a><a href=\"http:\/\/www.chateau-fort-manoir-chateau.eu\/chateaux-aude-chateau-a-puicheric-chateau-de-puicheric.html\" target=\"_blank\" rel=\"noopener noreferrer\"><img decoding=\"async\" src=\" https:\/\/www.chateaudepuicheric.fr\/wp-content\/media\/historique-france.jpg\" alt=\"ch\u00e2teaux de France\" width=\"150\" height=\"46\" \/><\/a><a href=\"https:\/\/www.canaldumidi.bike\" target=\"_blank\" rel=\"noopener noreferrer\"><img decoding=\"async\" src=\"https:\/\/www.chateaudepuicheric.fr\/wp-content\/media\/canaldumidibikelogo.gif\" alt=\"Canal du Midi \u00e0 V\u00e9lo\" width=\"150\" height=\"37\" \/><\/a><a href=\"https:\/\/www.circuitalacarte.com\/\" target=\"_blank\" rel=\"noopener noreferrer\"><img decoding=\"async\" src=\"https:\/\/www.chateaudepuicheric.fr\/wp-content\/media\/logocircuit.jpg\" alt=\"Circuit \u00e0 la Carte\" width=\"150\" height=\"37\" \/><\/a> <a href=\"https:\/\/www.ancv.com\/\" target=\"_blank\" rel=\"noopener noreferrer\"><img decoding=\"async\" class=\"alignnone\" src=\"https:\/\/www.chateaudepuicheric.fr\/wp-content\/media\/ancv.gif\" alt=\"Accueil\" width=\"50\" height=\"50\" \/><\/a><a href=\"https:\/\/www.francevelotourisme.com\/base-1\/troncons\/le-canal-du-midi-a-velo-de-carcassonne-a-le-somail\"><img decoding=\"async\" class=\"alignnone size-thumbnail wp-image-405\" src=\"https:\/\/www.chateaudepuicheric.fr\/wp-content\/media\/Logo-Accueil-V\u00e9lo-150x150.jpg\" alt=\"Accueil V\u00e9lo\" width=\"50\" height=\"50\" \/><\/a><\/p>\n<div class=\"fb-like-box\" data-colorscheme=\"light\" data-header=\"true\" data-href=\"https:\/\/www.facebook.com\/pages\/Ch%C3%A2teau-de-Puich%C3%A9ric\/469809423082370\" data-show-border=\"true\" data-show-faces=\"false\" data-stream=\"false\"><\/div>\n<div id=\"fb-root\"><\/div>\n<p><script>(function(d, s, id) {<br \/>\nvar js, fjs = d.getElementsByTagName(s)[0];<br \/>\nif (d.getElementById(id)) return;<br \/>\njs = d.createElement(s); js.id = id;<br \/>\njs.src = \"\/\/connect.facebook.net\/fr_FR\/sdk.js#xfbml=1&version=v2.0\";<br \/>\nfjs.parentNode.insertBefore(js, fjs);<br \/>\n}(document, 'script', 'facebook-jssdk'));<\/script><\/p>\n","protected":false},"excerpt":{"rendered":"<p>Dominica Teuschl &amp; Philippe Gouze 2 rue de l&#8217;\u00e9glise, 11700 Puich\u00e9ric GPS : N 43\u00b0 13&#8242; 26.6, E 002\u00b0 37&#8242; 27.3 Tel :\u00a0[+33 6 02 33 74 29] ou\u00a0[+33 4 68 75 40 95] Pago Tarjeta de credito, en efectivo o por transferencia. Comercios En el pueblo, a menos de 5 minutos a pie, hay &#8230; <a title=\"Informaciones\" class=\"read-more\" href=\"https:\/\/www.chateaudepuicheric.fr\/es\/reservation\/\" aria-label=\"Leer m\u00e1s sobre Informaciones\">Leer m\u00e1s<\/a><\/p>\n","protected":false},"author":1,"featured_media":0,"parent":0,"menu_order":4,"comment_status":"closed","ping_status":"closed","template":"","meta":{"footnotes":""},"class_list":["post-61","page","type-page","status-publish"],"yoast_head":"<!-- This site is optimized with the Yoast SEO plugin v27.5 - https:\/\/yoast.com\/product\/yoast-seo-wordpress\/ -->\n<title>Informaciones - Ch\u00e2teau de Puich\u00e9ric - Habitationes<\/title>\n<meta name=\"robots\" content=\"index, follow, max-snippet:-1, max-image-preview:large, max-video-preview:-1\" \/>\n<link rel=\"canonical\" href=\"https:\/\/www.chateaudepuicheric.fr\/es\/reservation\/\" \/>\n<meta property=\"og:locale\" content=\"es_ES\" \/>\n<meta property=\"og:type\" content=\"article\" \/>\n<meta property=\"og:title\" content=\"Informaciones - Ch\u00e2teau de Puich\u00e9ric - Habitationes\" \/>\n<meta property=\"og:description\" content=\"Dominica Teuschl &amp; Philippe Gouze 2 rue de l&#8217;\u00e9glise, 11700 Puich\u00e9ric GPS : N 43\u00b0 13&#8242; 26.6, E 002\u00b0 37&#8242; 27.3 Tel :\u00a0[+33 6 02 33 74 29] ou\u00a0[+33 4 68 75 40 95] Pago Tarjeta de credito, en efectivo o por transferencia. Comercios En el pueblo, a menos de 5 minutos a pie, hay ... Leer m\u00e1s\" \/>\n<meta property=\"og:url\" content=\"https:\/\/www.chateaudepuicheric.fr\/es\/reservation\/\" \/>\n<meta property=\"og:site_name\" content=\"Ch\u00e2teau de Puich\u00e9ric - Habitationes\" \/>\n<meta property=\"article:publisher\" content=\"https:\/\/www.facebook.com\/Ch%c3%a2teau-de-Puich%c3%a9ric-469809423082370\/\" \/>\n<meta property=\"article:modified_time\" content=\"2020-02-08T11:50:20+00:00\" \/>\n<meta property=\"og:image\" content=\"https:\/\/www.chateaudepuicheric.fr\/wp-content\/uploads\/sites\/2\/2017\/06\/Chemins_chateau.jpg\" \/>\n<meta name=\"twitter:card\" content=\"summary_large_image\" \/>\n<meta name=\"twitter:site\" content=\"@Puicheric11700\" \/>\n<meta name=\"twitter:label1\" content=\"Tiempo de lectura\" \/>\n\t<meta name=\"twitter:data1\" content=\"1 minuto\" \/>\n<script type=\"application\/ld+json\" class=\"yoast-schema-graph\">{\"@context\":\"https:\\\/\\\/schema.org\",\"@graph\":[{\"@type\":\"WebPage\",\"@id\":\"https:\\\/\\\/www.chateaudepuicheric.fr\\\/es\\\/reservation\\\/\",\"url\":\"https:\\\/\\\/www.chateaudepuicheric.fr\\\/es\\\/reservation\\\/\",\"name\":\"Informaciones - Ch\u00e2teau de Puich\u00e9ric - Habitationes\",\"isPartOf\":{\"@id\":\"https:\\\/\\\/www.chateaudepuicheric.fr\\\/es\\\/#website\"},\"primaryImageOfPage\":{\"@id\":\"https:\\\/\\\/www.chateaudepuicheric.fr\\\/es\\\/reservation\\\/#primaryimage\"},\"image\":{\"@id\":\"https:\\\/\\\/www.chateaudepuicheric.fr\\\/es\\\/reservation\\\/#primaryimage\"},\"thumbnailUrl\":\"https:\\\/\\\/www.chateaudepuicheric.fr\\\/wp-content\\\/media\\\/sawdays.png\",\"datePublished\":\"2017-07-24T01:51:26+00:00\",\"dateModified\":\"2020-02-08T11:50:20+00:00\",\"breadcrumb\":{\"@id\":\"https:\\\/\\\/www.chateaudepuicheric.fr\\\/es\\\/reservation\\\/#breadcrumb\"},\"inLanguage\":\"es\",\"potentialAction\":[{\"@type\":\"ReadAction\",\"target\":[\"https:\\\/\\\/www.chateaudepuicheric.fr\\\/es\\\/reservation\\\/\"]}]},{\"@type\":\"ImageObject\",\"inLanguage\":\"es\",\"@id\":\"https:\\\/\\\/www.chateaudepuicheric.fr\\\/es\\\/reservation\\\/#primaryimage\",\"url\":\"https:\\\/\\\/www.chateaudepuicheric.fr\\\/wp-content\\\/media\\\/sawdays.png\",\"contentUrl\":\"https:\\\/\\\/www.chateaudepuicheric.fr\\\/wp-content\\\/media\\\/sawdays.png\"},{\"@type\":\"BreadcrumbList\",\"@id\":\"https:\\\/\\\/www.chateaudepuicheric.fr\\\/es\\\/reservation\\\/#breadcrumb\",\"itemListElement\":[{\"@type\":\"ListItem\",\"position\":1,\"name\":\"Accueil\",\"item\":\"https:\\\/\\\/www.chateaudepuicheric.fr\\\/es\\\/\"},{\"@type\":\"ListItem\",\"position\":2,\"name\":\"Informaciones\"}]},{\"@type\":\"WebSite\",\"@id\":\"https:\\\/\\\/www.chateaudepuicheric.fr\\\/es\\\/#website\",\"url\":\"https:\\\/\\\/www.chateaudepuicheric.fr\\\/es\\\/\",\"name\":\"Ch\u00e2teau de Puich\u00e9ric - Habitationes\",\"description\":\"Des chambres d&#039;h\u00f4tes dans un ch\u00e2teau f\u00e9odal\",\"publisher\":{\"@id\":\"https:\\\/\\\/www.chateaudepuicheric.fr\\\/es\\\/#organization\"},\"potentialAction\":[{\"@type\":\"SearchAction\",\"target\":{\"@type\":\"EntryPoint\",\"urlTemplate\":\"https:\\\/\\\/www.chateaudepuicheric.fr\\\/es\\\/?s={search_term_string}\"},\"query-input\":{\"@type\":\"PropertyValueSpecification\",\"valueRequired\":true,\"valueName\":\"search_term_string\"}}],\"inLanguage\":\"es\"},{\"@type\":\"Organization\",\"@id\":\"https:\\\/\\\/www.chateaudepuicheric.fr\\\/es\\\/#organization\",\"name\":\"Ch\u00e2teau de Puich\u00e9ric - Habitationes\",\"url\":\"https:\\\/\\\/www.chateaudepuicheric.fr\\\/es\\\/\",\"logo\":{\"@type\":\"ImageObject\",\"inLanguage\":\"es\",\"@id\":\"https:\\\/\\\/www.chateaudepuicheric.fr\\\/es\\\/#\\\/schema\\\/logo\\\/image\\\/\",\"url\":\"https:\\\/\\\/www.chateaudepuicheric.fr\\\/es\\\/wp-content\\\/media\\\/sites\\\/5\\\/Logo-Ch\u00e2teau-de-Puich\u00e9ric-4.png\",\"contentUrl\":\"https:\\\/\\\/www.chateaudepuicheric.fr\\\/es\\\/wp-content\\\/media\\\/sites\\\/5\\\/Logo-Ch\u00e2teau-de-Puich\u00e9ric-4.png\",\"width\":1170,\"height\":155,\"caption\":\"Ch\u00e2teau de Puich\u00e9ric - Habitationes\"},\"image\":{\"@id\":\"https:\\\/\\\/www.chateaudepuicheric.fr\\\/es\\\/#\\\/schema\\\/logo\\\/image\\\/\"},\"sameAs\":[\"https:\\\/\\\/www.facebook.com\\\/Ch\u00e2teau-de-Puich\u00e9ric-469809423082370\\\/\",\"https:\\\/\\\/x.com\\\/Puicheric11700\"]}]}<\/script>\n<!-- \/ Yoast SEO plugin. -->","yoast_head_json":{"title":"Informaciones - Ch\u00e2teau de Puich\u00e9ric - Habitationes","robots":{"index":"index","follow":"follow","max-snippet":"max-snippet:-1","max-image-preview":"max-image-preview:large","max-video-preview":"max-video-preview:-1"},"canonical":"https:\/\/www.chateaudepuicheric.fr\/es\/reservation\/","og_locale":"es_ES","og_type":"article","og_title":"Informaciones - Ch\u00e2teau de Puich\u00e9ric - Habitationes","og_description":"Dominica Teuschl &amp; Philippe Gouze 2 rue de l&#8217;\u00e9glise, 11700 Puich\u00e9ric GPS : N 43\u00b0 13&#8242; 26.6, E 002\u00b0 37&#8242; 27.3 Tel :\u00a0[+33 6 02 33 74 29] ou\u00a0[+33 4 68 75 40 95] Pago Tarjeta de credito, en efectivo o por transferencia. Comercios En el pueblo, a menos de 5 minutos a pie, hay ... Leer m\u00e1s","og_url":"https:\/\/www.chateaudepuicheric.fr\/es\/reservation\/","og_site_name":"Ch\u00e2teau de Puich\u00e9ric - Habitationes","article_publisher":"https:\/\/www.facebook.com\/Ch%c3%a2teau-de-Puich%c3%a9ric-469809423082370\/","article_modified_time":"2020-02-08T11:50:20+00:00","og_image":[{"url":"https:\/\/www.chateaudepuicheric.fr\/wp-content\/uploads\/sites\/2\/2017\/06\/Chemins_chateau.jpg","type":"","width":"","height":""}],"twitter_card":"summary_large_image","twitter_site":"@Puicheric11700","twitter_misc":{"Tiempo de lectura":"1 minuto"},"schema":{"@context":"https:\/\/schema.org","@graph":[{"@type":"WebPage","@id":"https:\/\/www.chateaudepuicheric.fr\/es\/reservation\/","url":"https:\/\/www.chateaudepuicheric.fr\/es\/reservation\/","name":"Informaciones - Ch\u00e2teau de Puich\u00e9ric - Habitationes","isPartOf":{"@id":"https:\/\/www.chateaudepuicheric.fr\/es\/#website"},"primaryImageOfPage":{"@id":"https:\/\/www.chateaudepuicheric.fr\/es\/reservation\/#primaryimage"},"image":{"@id":"https:\/\/www.chateaudepuicheric.fr\/es\/reservation\/#primaryimage"},"thumbnailUrl":"https:\/\/www.chateaudepuicheric.fr\/wp-content\/media\/sawdays.png","datePublished":"2017-07-24T01:51:26+00:00","dateModified":"2020-02-08T11:50:20+00:00","breadcrumb":{"@id":"https:\/\/www.chateaudepuicheric.fr\/es\/reservation\/#breadcrumb"},"inLanguage":"es","potentialAction":[{"@type":"ReadAction","target":["https:\/\/www.chateaudepuicheric.fr\/es\/reservation\/"]}]},{"@type":"ImageObject","inLanguage":"es","@id":"https:\/\/www.chateaudepuicheric.fr\/es\/reservation\/#primaryimage","url":"https:\/\/www.chateaudepuicheric.fr\/wp-content\/media\/sawdays.png","contentUrl":"https:\/\/www.chateaudepuicheric.fr\/wp-content\/media\/sawdays.png"},{"@type":"BreadcrumbList","@id":"https:\/\/www.chateaudepuicheric.fr\/es\/reservation\/#breadcrumb","itemListElement":[{"@type":"ListItem","position":1,"name":"Accueil","item":"https:\/\/www.chateaudepuicheric.fr\/es\/"},{"@type":"ListItem","position":2,"name":"Informaciones"}]},{"@type":"WebSite","@id":"https:\/\/www.chateaudepuicheric.fr\/es\/#website","url":"https:\/\/www.chateaudepuicheric.fr\/es\/","name":"Ch\u00e2teau de Puich\u00e9ric - Habitationes","description":"Des chambres d&#039;h\u00f4tes dans un ch\u00e2teau f\u00e9odal","publisher":{"@id":"https:\/\/www.chateaudepuicheric.fr\/es\/#organization"},"potentialAction":[{"@type":"SearchAction","target":{"@type":"EntryPoint","urlTemplate":"https:\/\/www.chateaudepuicheric.fr\/es\/?s={search_term_string}"},"query-input":{"@type":"PropertyValueSpecification","valueRequired":true,"valueName":"search_term_string"}}],"inLanguage":"es"},{"@type":"Organization","@id":"https:\/\/www.chateaudepuicheric.fr\/es\/#organization","name":"Ch\u00e2teau de Puich\u00e9ric - Habitationes","url":"https:\/\/www.chateaudepuicheric.fr\/es\/","logo":{"@type":"ImageObject","inLanguage":"es","@id":"https:\/\/www.chateaudepuicheric.fr\/es\/#\/schema\/logo\/image\/","url":"https:\/\/www.chateaudepuicheric.fr\/es\/wp-content\/media\/sites\/5\/Logo-Ch\u00e2teau-de-Puich\u00e9ric-4.png","contentUrl":"https:\/\/www.chateaudepuicheric.fr\/es\/wp-content\/media\/sites\/5\/Logo-Ch\u00e2teau-de-Puich\u00e9ric-4.png","width":1170,"height":155,"caption":"Ch\u00e2teau de Puich\u00e9ric - Habitationes"},"image":{"@id":"https:\/\/www.chateaudepuicheric.fr\/es\/#\/schema\/logo\/image\/"},"sameAs":["https:\/\/www.facebook.com\/Ch\u00e2teau-de-Puich\u00e9ric-469809423082370\/","https:\/\/x.com\/Puicheric11700"]}]}},"_links":{"self":[{"href":"https:\/\/www.chateaudepuicheric.fr\/es\/wp-json\/wp\/v2\/pages\/61","targetHints":{"allow":["GET"]}}],"collection":[{"href":"https:\/\/www.chateaudepuicheric.fr\/es\/wp-json\/wp\/v2\/pages"}],"about":[{"href":"https:\/\/www.chateaudepuicheric.fr\/es\/wp-json\/wp\/v2\/types\/page"}],"author":[{"embeddable":true,"href":"https:\/\/www.chateaudepuicheric.fr\/es\/wp-json\/wp\/v2\/users\/1"}],"replies":[{"embeddable":true,"href":"https:\/\/www.chateaudepuicheric.fr\/es\/wp-json\/wp\/v2\/comments?post=61"}],"version-history":[{"count":0,"href":"https:\/\/www.chateaudepuicheric.fr\/es\/wp-json\/wp\/v2\/pages\/61\/revisions"}],"wp:attachment":[{"href":"https:\/\/www.chateaudepuicheric.fr\/es\/wp-json\/wp\/v2\/media?parent=61"}],"curies":[{"name":"wp","href":"https:\/\/api.w.org\/{rel}","templated":true}]}}